{"id":26335,"date":"2022-12-28T15:26:55","date_gmt":"2022-12-28T12:26:55","guid":{"rendered":"https:\/\/kerimvakfi.org\/vakfin-calismasi\/suleyman-celebi-and-mevlid-panel-and-concert-program\/"},"modified":"2024-02-08T14:04:06","modified_gmt":"2024-02-08T11:04:06","slug":"suleyman-celebi-and-mevlid-panel-and-concert-program","status":"publish","type":"avada_portfolio","link":"https:\/\/kerimvakfi.org\/en\/vakfin-calismasi\/suleyman-celebi-and-mevlid-panel-and-concert-program\/","title":{"rendered":"&#8220;S\u00fcleyman \u00c7elebi and Mevlid&#8221; Panel and Concert Program"},"content":{"rendered":"<p><div class=\"fusion-fullwidth fullwidth-box fusion-builder-row-1 fusion-flex-container nonhundred-percent-fullwidth non-hundred-percent-height-scrolling\" style=\"background-color: rgba(255,255,255,0);background-position: left top;background-repeat: no-repeat;border-width: 0px 0px 0px 0px;border-color:#eae9e9;border-style:solid;\" ><div class=\"fusion-builder-row fusion-row fusion-flex-align-items-flex-start\" style=\"max-width:1248px;margin-left: calc(-4% \/ 2 );margin-right: calc(-4% \/ 2 );\"><div class=\"fusion-layout-column fusion_builder_column fusion-builder-column-0 fusion_builder_column_1_1 1_1 fusion-flex-column fusion-flex-align-self-flex-start fusion-column-no-min-height\"><div class=\"fusion-column-wrapper fusion-flex-justify-content-flex-start fusion-content-layout-column\" style=\"background-position:left top;background-repeat:no-repeat;-webkit-background-size:cover;-moz-background-size:cover;-o-background-size:cover;background-size:cover;padding: 0px 0px 0px 0px;\"><div class=\"fusion-text fusion-text-1\" style=\"transform:translate3d(0,0,0);\"><p><strong>&#8220;S\u00fcleyman \u00c7elebi and Mevlid&#8221; Panel &amp; Concert Program  <\/strong><\/p>\n<p>Within the scope of the program organized on Wednesday, December 28, 2022, in cooperation with the Republic of Turkey Ministry of Culture and Tourism, Uskudar University Institute of Sufi Studies, Kerim Foundation and Turkish Women&#8217;s Cultural Association, &#8220;<em>Suleyman \u00c7elebi and Mevlid<\/em>&#8220;, followed by a concert by Nisa Turkish Music Ensemble, whose artistic director is Nebahat Konu, on Burdur Cumhur Women&#8217;s Mevlidi.<\/p>\n<p>For the details of the news: <a href=\"https:\/\/uskudar.edu.tr\/tr\/icerik\/8744\/suleyman-celebi-ve-mevlid-konulu-panel-ve-konser-programi-duzenlendi\" target=\"_blank\" rel=\"noopener\"><br \/>\n  <strong>CLICK HERE<\/strong><br \/>\n<\/a><\/p>\n<p>News Link to the Program: <a href=\"https:\/\/uskudar.edu.tr\/tr\/icerik\/8744\/suleyman-celebi-ve-mevlid-konulu-panel-ve-konser-programi-duzenlendi\" target=\"_blank\" rel=\"noopener\">https:\/\/uskudar.edu.tr\/tr\/icerik\/8744\/suleyman-celebi-ve-mevlid-konulu-panel-ve-konser-programi-duzenlendi<\/a><\/p>\n<\/div><\/div><\/div><style type=\"text\/css\">.fusion-body .fusion-builder-column-0{width:100% !important;margin-top : 0px;margin-bottom : 0px;}.fusion-builder-column-0 > .fusion-column-wrapper {padding-top : 0px !important;padding-right : 0px !important;margin-right : 1.92%;padding-bottom : 0px !important;padding-left : 0px !important;margin-left : 1.92%;}@media only screen and (max-width:1024px) {.fusion-body .fusion-builder-column-0{width:100% !important;}.fusion-builder-column-0 > .fusion-column-wrapper {margin-right : 1.92%;margin-left : 1.92%;}}@media only screen and (max-width:640px) {.fusion-body .fusion-builder-column-0{width:100% !important;}.fusion-builder-column-0 > .fusion-column-wrapper {margin-right : 1.92%;margin-left : 1.92%;}}<\/style><\/div><style type=\"text\/css\">.fusion-body .fusion-flex-container.fusion-builder-row-1{ padding-top : 20px;margin-top : 0px;padding-right : 0px;padding-bottom : 20px;margin-bottom : 0px;padding-left : 0px;}<\/style><\/div><div class=\"fusion-fullwidth fullwidth-box fusion-builder-row-2 fusion-flex-container hundred-percent-fullwidth non-hundred-percent-height-scrolling\" style=\"background-color: rgba(255,255,255,0);background-position: center center;background-repeat: no-repeat;border-width: 0px 0px 0px 0px;border-color:#eae9e9;border-style:solid;\" ><div class=\"fusion-builder-row fusion-row fusion-flex-align-items-flex-start\" style=\"width:104% !important;max-width:104% !important;margin-left: calc(-4% \/ 2 );margin-right: calc(-4% \/ 2 );\"><div class=\"fusion-layout-column fusion_builder_column fusion-builder-column-1 fusion_builder_column_1_1 1_1 fusion-flex-column\"><div class=\"fusion-column-wrapper fusion-flex-justify-content-flex-start fusion-content-layout-column\" style=\"background-position:left top;background-repeat:no-repeat;-webkit-background-size:cover;-moz-background-size:cover;-o-background-size:cover;background-size:cover;padding: 0px 0px 0px 0px;\"><style type=\"text\/css\">@media only screen and (max-width:1024px) {.fusion-title.fusion-title-1{margin-top:0px!important;margin-bottom:31px!important;}}@media only screen and (max-width:640px) {.fusion-title.fusion-title-1{margin-top:10px!important;margin-bottom:10px!important;}}<\/style><div class=\"fusion-title title fusion-title-1 fusion-title-center fusion-title-text fusion-title-size-four galeri_title\" style=\"margin-top:0px;margin-bottom:31px;\"><div class=\"title-sep-container title-sep-container-left\"><div class=\"title-sep sep-\" style=\"border-color:#e0dede;\"><\/div><\/div><h4 class=\"title-heading-center\" style=\"margin:0;\"><h3><strong>&#8220;S\u00fcleyman \u00c7elebi and Mevlid&#8221; Panel &amp; Concert Program  <\/strong><\/h3><\/h4><div class=\"title-sep-container title-sep-container-right\"><div class=\"title-sep sep-\" style=\"border-color:#e0dede;\"><\/div><\/div><\/div><div class=\"fusion-separator fusion-full-width-sep\" style=\"align-self: center;margin-left: auto;margin-right: auto;width:100%;\"><\/div><\/div><\/div><style type=\"text\/css\">.fusion-body .fusion-builder-column-1{width:100% !important;margin-top : 0px;margin-bottom : 20px;}.fusion-builder-column-1 > .fusion-column-wrapper {padding-top : 0px !important;padding-right : 0px !important;margin-right : 1.92%;padding-bottom : 0px !important;padding-left : 0px !important;margin-left : 1.92%;}@media only screen and (max-width:1024px) {.fusion-body .fusion-builder-column-1{width:100% !important;}.fusion-builder-column-1 > .fusion-column-wrapper {margin-right : 1.92%;margin-left : 1.92%;}}@media only screen and (max-width:640px) {.fusion-body .fusion-builder-column-1{width:100% !important;}.fusion-builder-column-1 > .fusion-column-wrapper {margin-right : 1.92%;margin-left : 1.92%;}}<\/style><\/div><style type=\"text\/css\">.fusion-fullwidth.fusion-builder-row-2 { overflow:visible; }.fusion-body .fusion-flex-container.fusion-builder-row-2{ padding-top : 0px;margin-top : 0px;padding-right : 0px;padding-bottom : 0px;margin-bottom : 0px;padding-left : 0px;}<\/style><\/div><div class=\"fusion-fullwidth fullwidth-box fusion-builder-row-3 fusion-flex-container nonhundred-percent-fullwidth non-hundred-percent-height-scrolling\" style=\"background-color: rgba(255,255,255,0);background-position: center center;background-repeat: no-repeat;border-width: 0px 0px 0px 0px;border-color:#eae9e9;border-style:solid;\" ><div class=\"fusion-builder-row fusion-row fusion-flex-align-items-flex-start\" style=\"max-width:1248px;margin-left: calc(-4% \/ 2 );margin-right: calc(-4% \/ 2 );\"><div class=\"fusion-layout-column fusion_builder_column fusion-builder-column-2 fusion_builder_column_1_2 1_2 fusion-flex-column\"><div class=\"fusion-column-wrapper fusion-flex-justify-content-flex-start fusion-content-layout-column\" style=\"background-position:left top;background-repeat:no-repeat;-webkit-background-size:cover;-moz-background-size:cover;-o-background-size:cover;background-size:cover;padding: 0px 0px 0px 0px;\"><div class=\"fusion-video fusion-youtube\" style=\"max-width:px;max-height:px;\"><div class=\"video-shortcode\"><iframe title=\"YouTube video player\" src=\"https:\/\/www.youtube.com\/embed\/srCbW0FpqnE?wmode=transparent&autoplay=0\" width=\"\" height=\"\" allowfullscreen allow=\"autoplay; fullscreen\"><\/iframe><\/div><\/div><\/div><\/div><style type=\"text\/css\">.fusion-body .fusion-builder-column-2{width:50% !important;margin-top : 0px;margin-bottom : 20px;}.fusion-builder-column-2 > .fusion-column-wrapper {padding-top : 0px !important;padding-right : 0px !important;margin-right : 3.84%;padding-bottom : 0px !important;padding-left : 0px !important;margin-left : 3.84%;}@media only screen and (max-width:1024px) {.fusion-body .fusion-builder-column-2{width:50% !important;order : 0;}.fusion-builder-column-2 > .fusion-column-wrapper {margin-right : 3.84%;margin-left : 3.84%;}}@media only screen and (max-width:640px) {.fusion-body .fusion-builder-column-2{width:100% !important;order : 0;}.fusion-builder-column-2 > .fusion-column-wrapper {margin-right : 1.92%;margin-left : 1.92%;}}<\/style><div class=\"fusion-layout-column fusion_builder_column fusion-builder-column-3 fusion_builder_column_1_2 1_2 fusion-flex-column\"><div class=\"fusion-column-wrapper fusion-flex-justify-content-flex-start fusion-content-layout-column\" style=\"background-position:left top;background-repeat:no-repeat;-webkit-background-size:cover;-moz-background-size:cover;-o-background-size:cover;background-size:cover;padding: 0px 0px 0px 0px;\"><div class=\"fusion-video fusion-youtube\" style=\"max-width:px;max-height:px;\"><div class=\"video-shortcode\"><iframe title=\"YouTube video player\" src=\"https:\/\/www.youtube.com\/embed\/tnXdthkFsMo?wmode=transparent&autoplay=0\" width=\"\" height=\"\" allowfullscreen allow=\"autoplay; fullscreen\"><\/iframe><\/div><\/div><\/div><\/div><style type=\"text\/css\">.fusion-body .fusion-builder-column-3{width:50% !important;margin-top : 0px;margin-bottom : 20px;}.fusion-builder-column-3 > .fusion-column-wrapper {padding-top : 0px !important;padding-right : 0px !important;margin-right : 3.84%;padding-bottom : 0px !important;padding-left : 0px !important;margin-left : 3.84%;}@media only screen and (max-width:1024px) {.fusion-body .fusion-builder-column-3{width:50% !important;order : 0;}.fusion-builder-column-3 > .fusion-column-wrapper {margin-right : 3.84%;margin-left : 3.84%;}}@media only screen and (max-width:640px) {.fusion-body .fusion-builder-column-3{width:100% !important;order : 0;}.fusion-builder-column-3 > .fusion-column-wrapper {margin-right : 1.92%;margin-left : 1.92%;}}<\/style><\/div><style type=\"text\/css\">.fusion-body .fusion-flex-container.fusion-builder-row-3{ padding-top : 0px;margin-top : 0px;padding-right : 0px;padding-bottom : 0px;margin-bottom : 0px;padding-left : 0px;}<\/style><\/div><div class=\"fusion-fullwidth fullwidth-box fusion-builder-row-4 fusion-flex-container hundred-percent-fullwidth non-hundred-percent-height-scrolling\" style=\"background-color: rgba(255,255,255,0);background-position: center center;background-repeat: no-repeat;border-width: 0px 0px 0px 0px;border-color:#eae9e9;border-style:solid;\" ><div class=\"fusion-builder-row fusion-row fusion-flex-align-items-flex-start\" style=\"width:104% !important;max-width:104% !important;margin-left: calc(-4% \/ 2 );margin-right: calc(-4% \/ 2 );\"><div class=\"fusion-layout-column fusion_builder_column fusion-builder-column-4 fusion_builder_column_1_1 1_1 fusion-flex-column fusion-flex-align-self-flex-start fusion-column-no-min-height\"><div class=\"fusion-column-wrapper fusion-flex-justify-content-flex-start fusion-content-layout-column\" style=\"background-position:left top;background-repeat:no-repeat;-webkit-background-size:cover;-moz-background-size:cover;-o-background-size:cover;background-size:cover;padding: 0px 0px 0px 0px;\"><div class=\"fusion-separator fusion-full-width-sep\" style=\"align-self: center;margin-left: auto;margin-right: auto;width:100%;\"><\/div><div class=\"fusion-tabs fusion-tabs-1 classic fusion-no-small-visibility horizontal-tabs icon-position-left\"><style type=\"text\/css\">.fusion-tabs.fusion-tabs-1 .nav-tabs li a.tab-link{border-top-color:#ebeaea;background-color:#ebeaea;}.fusion-tabs.fusion-tabs-1 .nav-tabs{background-color:#ffffff;}.fusion-tabs.fusion-tabs-1 .nav-tabs li.active a.tab-link,.fusion-tabs.fusion-tabs-1 .nav-tabs li.active a.tab-link:hover,.fusion-tabs.fusion-tabs-1 .nav-tabs li.active a.tab-link:focus{border-right-color:#ffffff;}.fusion-tabs.fusion-tabs-1 .nav-tabs li.active a.tab-link,.fusion-tabs.fusion-tabs-1 .nav-tabs li.active a.tab-link:hover,.fusion-tabs.fusion-tabs-1 .nav-tabs li.active a.tab-link:focus{background-color:#ffffff;}.fusion-tabs.fusion-tabs-1 .nav-tabs li a:hover{background-color:#ffffff;border-top-color:#ffffff;}.fusion-tabs.fusion-tabs-1 .tab-pane{background-color:#ffffff;}.fusion-tabs.fusion-tabs-1 .nav,.fusion-tabs.fusion-tabs-1 .nav-tabs,.fusion-tabs.fusion-tabs-1 .tab-content .tab-pane{border-color:#ebeaea;}<\/style><div class=\"nav\"><ul class=\"nav-tabs nav-justified\" role=\"tablist\"><li class=\"active\"><a class=\"tab-link\" data-toggle=\"tab\" role=\"tab\" aria-controls=\"tab-2ee6cc5fc859b6ffbc9\" aria-selected=\"true\" id=\"fusion-tab-program\" href=\"#tab-2ee6cc5fc859b6ffbc9\"><h4 class=\"fusion-tab-heading\">PROGRAM<\/h4><\/a><\/li><\/ul><\/div><div class=\"tab-content\"><div class=\"nav fusion-mobile-tab-nav\"><ul class=\"nav-tabs nav-justified\"><li class=\"active\"><a class=\"tab-link\" data-toggle=\"tab\" role=\"tab\" aria-controls=\"tab-2ee6cc5fc859b6ffbc9\" aria-selected=\"true\" id=\"mobile-fusion-tab-program\" href=\"#tab-2ee6cc5fc859b6ffbc9\"><h4 class=\"fusion-tab-heading\">PROGRAM<\/h4><\/a><\/li><\/ul><\/div><div class=\"tab-pane fade fusion-clearfix in active\" role=\"tabpanel\" tabindex=\"0\" aria-labelledby=\"fusion-tab-program\" id=\"tab-2ee6cc5fc859b6ffbc9\">\n<p><strong>&#8220;SULEYMAN CELEBI and Mawlid&#8221; Program<\/strong><\/p>\n<p><strong>10.30 Presentation<\/strong><\/p>\n<p><em>Opening Remarks  <\/em><\/p>\n<p>Prof. Dr. Elif ERHAN<br \/>\n<em>\u00dcsk\u00fcdar University Institute of Sufi Studies Director  <\/em><\/p>\n<p>Prof. Dr. Nevzat TARHAN<br \/>\n<em>Founding Rector and Chairman of the Executive Board of \u00dcsk\u00fcdar University<\/em><\/p>\n<p><strong>11.00 Panel<\/strong><\/p>\n<p><em><strong>&#8220;SULEYMAN CELEBI and MEVLID&#8221;<\/strong><\/em><\/p>\n<p><strong> <\/strong>Prof. Dr. Emine YENITERZI<br \/>\n<em>\u00dcsk\u00fcdar University, Institute of Sufi Studies<\/em><\/p>\n<p>Hadith Foundations of Ves\u012blat al-Naj\u0101t<\/p>\n<p>Prof. Dr. Dursun Ali T\u00d6KEL<br \/>\n<em>Fatih Sultan Mehmet Vakif University, Faculty of Humanities and Social Sciences<\/em><\/p>\n<p>Mawlid-i Shar\u00eef as a Self-Builder in the Mirror of Existence<\/p>\n<p>Prof. Dr. Bar\u0131\u015f ERDO\u011eAN<br \/>\n<em>\u00dcsk\u00fcdar University, Faculty of Humanities and Social Sciences<\/em><\/p>\n<p>Sociology of Mevlid: The Place and Functions of Mevlid in Social Life in Modern Times<\/p>\n<p>Mustafa TRAMPA<br \/>\n<em>Mufti of Xanthi<\/em><\/p>\n<p>Mevlid Tradition in Western Thrace<\/p>\n<p><strong>12.30 Break <\/strong>30 minutes<\/p>\n<p><strong>13.00 Concert<\/strong><\/p>\n<p><em>Opening Speech:<\/em><\/p>\n<p>Emine BA\u011eLI<br \/>\n<em>President of the Turkish Women&#8217;s Cultural Association<\/em><\/p>\n<p><strong> <\/strong><strong>Nisa Turkish Music Ensemble<\/strong><\/p>\n<p><em>Turkish Sufi Music Concert  <\/em><\/p>\n<p>Burdur Cumhur Woman Mevlidi<\/p>\n<p>Art Director<br \/>\nNebahat KONU<\/p>\n<p><strong>Voice artists<\/strong><\/p>\n<p>Nebahat KONU<br \/>\n<em>Ankara State Classical Turkish Music Choir  <\/em><\/p>\n<p>Ne\u015fe DURSUN SARA\u00c7<br \/>\n<em>Ankara State Classical Turkish Music Choir  <\/em><\/p>\n<p>Meltem SEYFEL\u0130O\u011eLU<br \/>\n<em>Ankara State Classical Turkish Music Choir  <\/em><\/p>\n<p>Filiz BAYRAKTAR<br \/>\n<em>Presidential Classical Turkish Music Choir  <\/em><\/p>\n<p><strong>Instrumentalists<\/strong><\/p>\n<p>G\u00fcl G\u00dcLDA\u015e K\u00dc\u00c7\u00dcK\u015eAH\u0130N<br \/>\n<em>Presidential Classical Turkish Music Choir  <\/em><\/p>\n<p>Reyhan Y\u0130\u011e\u0130TBA\u015e \u0130LLEZ<br \/>\n<em>Presidential Classical Turkish Music Choir  <\/em><\/p>\n<p>Sinem HONDOROGLULU<br \/>\n<em>Istanbul State Turkish Folk Music and Modern Folk Music Research and Application Choir  <\/em><\/p>\n<p>Arzu KOPUZ \u00c7EL\u0130K<br \/>\n<em>Istanbul State Turkish Music Research and Application Ensemble  <\/em><\/p>\n<p>Merve MAVITUNA<br \/>\n<em>Ankara State Classical Turkish Music Choir  <\/em><\/p>\n<p>Nurten YILMAZ<br \/>\n<em>Kocaeli University State Conservatory<\/em><\/p>\n<\/div><\/div><\/div><\/div><\/div><style type=\"text\/css\">.fusion-body .fusion-builder-column-4{width:100% !important;margin-top : 0px;margin-bottom : 0px;}.fusion-builder-column-4 > .fusion-column-wrapper {padding-top : 0px !important;padding-right : 0px !important;margin-right : 1.92%;padding-bottom : 0px !important;padding-left : 0px !important;margin-left : 1.92%;}@media only screen and (max-width:1024px) {.fusion-body .fusion-builder-column-4{width:100% !important;}.fusion-builder-column-4 > .fusion-column-wrapper {margin-right : 1.92%;margin-left : 1.92%;}}@media only screen and (max-width:640px) {.fusion-body .fusion-builder-column-4{width:100% !important;}.fusion-builder-column-4 > .fusion-column-wrapper {margin-right : 1.92%;margin-left : 1.92%;}}<\/style><\/div><style type=\"text\/css\">.fusion-fullwidth.fusion-builder-row-4 { overflow:visible; }.fusion-body .fusion-flex-container.fusion-builder-row-4{ padding-top : 0px;margin-top : 0px;padding-right : 0px;padding-bottom : 0px;margin-bottom : 20px;padding-left : 0px;}<\/style><\/div><\/p>\n","protected":false},"excerpt":{"rendered":"","protected":false},"author":1,"featured_media":26391,"menu_order":0,"comment_status":"open","ping_status":"closed","template":"","format":"standard","meta":{"spay_email":""},"portfolio_category":[185],"portfolio_skills":[],"portfolio_tags":[],"yoast_head":"<!-- This site is optimized with the Yoast SEO plugin v18.3 - https:\/\/yoast.com\/wordpress\/plugins\/seo\/ -->\n<title>&quot;S\u00fcleyman \u00c7elebi and Mevlid&quot; Panel and Concert Program - Kerim Vakf\u0131<\/title>\n<meta name=\"robots\" content=\"index, follow, max-snippet:-1, max-image-preview:large, max-video-preview:-1\" \/>\n<link rel=\"canonical\" href=\"https:\/\/kerimvakfi.org\/en\/vakfin-calismasi\/suleyman-celebi-and-mevlid-panel-and-concert-program\/\" \/>\n<meta property=\"og:locale\" content=\"en_US\" \/>\n<meta property=\"og:type\" content=\"article\" \/>\n<meta property=\"og:title\" content=\"&quot;S\u00fcleyman \u00c7elebi and Mevlid&quot; Panel and Concert Program - Kerim Vakf\u0131\" \/>\n<meta property=\"og:url\" content=\"https:\/\/kerimvakfi.org\/en\/vakfin-calismasi\/suleyman-celebi-and-mevlid-panel-and-concert-program\/\" \/>\n<meta property=\"og:site_name\" content=\"Kerim Vakf\u0131\" \/>\n<meta property=\"article:publisher\" content=\"https:\/\/www.facebook.com\/kerimvakfi\" \/>\n<meta property=\"article:modified_time\" content=\"2024-02-08T11:04:06+00:00\" \/>\n<meta property=\"og:image\" content=\"https:\/\/kerimvakfi.org\/wp-content\/uploads\/2022\/12\/celebi.jpg\" \/>\n\t<meta property=\"og:image:width\" content=\"760\" \/>\n\t<meta property=\"og:image:height\" content=\"380\" \/>\n\t<meta property=\"og:image:type\" content=\"image\/jpeg\" \/>\n<meta name=\"twitter:card\" content=\"summary\" \/>\n<meta name=\"twitter:site\" content=\"@kerimvakfi\" \/>\n<meta name=\"twitter:label1\" content=\"Est. reading time\" \/>\n\t<meta name=\"twitter:data1\" content=\"9 minutes\" \/>\n<script type=\"application\/ld+json\" class=\"yoast-schema-graph\">{\"@context\":\"https:\/\/schema.org\",\"@graph\":[{\"@type\":\"WebSite\",\"@id\":\"https:\/\/kerimvakfi.org\/#website\",\"url\":\"https:\/\/kerimvakfi.org\/\",\"name\":\"Kerim Vakf\u0131\",\"description\":\"Kerim E\u011fitim K\u00fclt\u00fcr ve Sa\u011fl\u0131k Vakf\u0131\",\"potentialAction\":[{\"@type\":\"SearchAction\",\"target\":{\"@type\":\"EntryPoint\",\"urlTemplate\":\"https:\/\/kerimvakfi.org\/?s={search_term_string}\"},\"query-input\":\"required name=search_term_string\"}],\"inLanguage\":\"en-US\"},{\"@type\":\"ImageObject\",\"@id\":\"https:\/\/kerimvakfi.org\/en\/vakfin-calismasi\/suleyman-celebi-and-mevlid-panel-and-concert-program\/#primaryimage\",\"inLanguage\":\"en-US\",\"url\":\"https:\/\/i0.wp.com\/kerimvakfi.org\/wp-content\/uploads\/2022\/12\/celebi.jpg?fit=760%2C380&ssl=1\",\"contentUrl\":\"https:\/\/i0.wp.com\/kerimvakfi.org\/wp-content\/uploads\/2022\/12\/celebi.jpg?fit=760%2C380&ssl=1\",\"width\":760,\"height\":380},{\"@type\":\"WebPage\",\"@id\":\"https:\/\/kerimvakfi.org\/en\/vakfin-calismasi\/suleyman-celebi-and-mevlid-panel-and-concert-program\/#webpage\",\"url\":\"https:\/\/kerimvakfi.org\/en\/vakfin-calismasi\/suleyman-celebi-and-mevlid-panel-and-concert-program\/\",\"name\":\"\\\"S\u00fcleyman \u00c7elebi and Mevlid\\\" Panel and Concert Program - Kerim Vakf\u0131\",\"isPartOf\":{\"@id\":\"https:\/\/kerimvakfi.org\/#website\"},\"primaryImageOfPage\":{\"@id\":\"https:\/\/kerimvakfi.org\/en\/vakfin-calismasi\/suleyman-celebi-and-mevlid-panel-and-concert-program\/#primaryimage\"},\"datePublished\":\"2022-12-28T12:26:55+00:00\",\"dateModified\":\"2024-02-08T11:04:06+00:00\",\"breadcrumb\":{\"@id\":\"https:\/\/kerimvakfi.org\/en\/vakfin-calismasi\/suleyman-celebi-and-mevlid-panel-and-concert-program\/#breadcrumb\"},\"inLanguage\":\"en-US\",\"potentialAction\":[{\"@type\":\"ReadAction\",\"target\":[\"https:\/\/kerimvakfi.org\/en\/vakfin-calismasi\/suleyman-celebi-and-mevlid-panel-and-concert-program\/\"]}]},{\"@type\":\"BreadcrumbList\",\"@id\":\"https:\/\/kerimvakfi.org\/en\/vakfin-calismasi\/suleyman-celebi-and-mevlid-panel-and-concert-program\/#breadcrumb\",\"itemListElement\":[{\"@type\":\"ListItem\",\"position\":1,\"name\":\"Ana sayfa\",\"item\":\"https:\/\/kerimvakfi.org\/en\/\"},{\"@type\":\"ListItem\",\"position\":2,\"name\":\"Portfolio\",\"item\":\"https:\/\/kerimvakfi.org\/vakfin-calismasi\/\"},{\"@type\":\"ListItem\",\"position\":3,\"name\":\"&#8220;S\u00fcleyman \u00c7elebi and Mevlid&#8221; Panel and Concert Program\"}]}]}<\/script>\n<!-- \/ Yoast SEO plugin. -->","yoast_head_json":{"title":"\"S\u00fcleyman \u00c7elebi and Mevlid\" Panel and Concert Program - Kerim Vakf\u0131","robots":{"index":"index","follow":"follow","max-snippet":"max-snippet:-1","max-image-preview":"max-image-preview:large","max-video-preview":"max-video-preview:-1"},"canonical":"https:\/\/kerimvakfi.org\/en\/vakfin-calismasi\/suleyman-celebi-and-mevlid-panel-and-concert-program\/","og_locale":"en_US","og_type":"article","og_title":"\"S\u00fcleyman \u00c7elebi and Mevlid\" Panel and Concert Program - Kerim Vakf\u0131","og_url":"https:\/\/kerimvakfi.org\/en\/vakfin-calismasi\/suleyman-celebi-and-mevlid-panel-and-concert-program\/","og_site_name":"Kerim Vakf\u0131","article_publisher":"https:\/\/www.facebook.com\/kerimvakfi","article_modified_time":"2024-02-08T11:04:06+00:00","og_image":[{"width":760,"height":380,"url":"https:\/\/kerimvakfi.org\/wp-content\/uploads\/2022\/12\/celebi.jpg","type":"image\/jpeg"}],"twitter_card":"summary","twitter_site":"@kerimvakfi","twitter_misc":{"Est. reading time":"9 minutes"},"schema":{"@context":"https:\/\/schema.org","@graph":[{"@type":"WebSite","@id":"https:\/\/kerimvakfi.org\/#website","url":"https:\/\/kerimvakfi.org\/","name":"Kerim Vakf\u0131","description":"Kerim E\u011fitim K\u00fclt\u00fcr ve Sa\u011fl\u0131k Vakf\u0131","potentialAction":[{"@type":"SearchAction","target":{"@type":"EntryPoint","urlTemplate":"https:\/\/kerimvakfi.org\/?s={search_term_string}"},"query-input":"required name=search_term_string"}],"inLanguage":"en-US"},{"@type":"ImageObject","@id":"https:\/\/kerimvakfi.org\/en\/vakfin-calismasi\/suleyman-celebi-and-mevlid-panel-and-concert-program\/#primaryimage","inLanguage":"en-US","url":"https:\/\/i0.wp.com\/kerimvakfi.org\/wp-content\/uploads\/2022\/12\/celebi.jpg?fit=760%2C380&ssl=1","contentUrl":"https:\/\/i0.wp.com\/kerimvakfi.org\/wp-content\/uploads\/2022\/12\/celebi.jpg?fit=760%2C380&ssl=1","width":760,"height":380},{"@type":"WebPage","@id":"https:\/\/kerimvakfi.org\/en\/vakfin-calismasi\/suleyman-celebi-and-mevlid-panel-and-concert-program\/#webpage","url":"https:\/\/kerimvakfi.org\/en\/vakfin-calismasi\/suleyman-celebi-and-mevlid-panel-and-concert-program\/","name":"\"S\u00fcleyman \u00c7elebi and Mevlid\" Panel and Concert Program - Kerim Vakf\u0131","isPartOf":{"@id":"https:\/\/kerimvakfi.org\/#website"},"primaryImageOfPage":{"@id":"https:\/\/kerimvakfi.org\/en\/vakfin-calismasi\/suleyman-celebi-and-mevlid-panel-and-concert-program\/#primaryimage"},"datePublished":"2022-12-28T12:26:55+00:00","dateModified":"2024-02-08T11:04:06+00:00","breadcrumb":{"@id":"https:\/\/kerimvakfi.org\/en\/vakfin-calismasi\/suleyman-celebi-and-mevlid-panel-and-concert-program\/#breadcrumb"},"inLanguage":"en-US","potentialAction":[{"@type":"ReadAction","target":["https:\/\/kerimvakfi.org\/en\/vakfin-calismasi\/suleyman-celebi-and-mevlid-panel-and-concert-program\/"]}]},{"@type":"BreadcrumbList","@id":"https:\/\/kerimvakfi.org\/en\/vakfin-calismasi\/suleyman-celebi-and-mevlid-panel-and-concert-program\/#breadcrumb","itemListElement":[{"@type":"ListItem","position":1,"name":"Ana sayfa","item":"https:\/\/kerimvakfi.org\/en\/"},{"@type":"ListItem","position":2,"name":"Portfolio","item":"https:\/\/kerimvakfi.org\/vakfin-calismasi\/"},{"@type":"ListItem","position":3,"name":"&#8220;S\u00fcleyman \u00c7elebi and Mevlid&#8221; Panel and Concert Program"}]}]}},"_links":{"self":[{"href":"https:\/\/kerimvakfi.org\/en\/wp-json\/wp\/v2\/avada_portfolio\/26335"}],"collection":[{"href":"https:\/\/kerimvakfi.org\/en\/wp-json\/wp\/v2\/avada_portfolio"}],"about":[{"href":"https:\/\/kerimvakfi.org\/en\/wp-json\/wp\/v2\/types\/avada_portfolio"}],"author":[{"embeddable":true,"href":"https:\/\/kerimvakfi.org\/en\/wp-json\/wp\/v2\/users\/1"}],"replies":[{"embeddable":true,"href":"https:\/\/kerimvakfi.org\/en\/wp-json\/wp\/v2\/comments?post=26335"}],"version-history":[{"count":1,"href":"https:\/\/kerimvakfi.org\/en\/wp-json\/wp\/v2\/avada_portfolio\/26335\/revisions"}],"predecessor-version":[{"id":26401,"href":"https:\/\/kerimvakfi.org\/en\/wp-json\/wp\/v2\/avada_portfolio\/26335\/revisions\/26401"}],"wp:featuredmedia":[{"embeddable":true,"href":"https:\/\/kerimvakfi.org\/en\/wp-json\/wp\/v2\/media\/26391"}],"wp:attachment":[{"href":"https:\/\/kerimvakfi.org\/en\/wp-json\/wp\/v2\/media?parent=26335"}],"wp:term":[{"taxonomy":"portfolio_category","embeddable":true,"href":"https:\/\/kerimvakfi.org\/en\/wp-json\/wp\/v2\/portfolio_category?post=26335"},{"taxonomy":"portfolio_skills","embeddable":true,"href":"https:\/\/kerimvakfi.org\/en\/wp-json\/wp\/v2\/portfolio_skills?post=26335"},{"taxonomy":"portfolio_tags","embeddable":true,"href":"https:\/\/kerimvakfi.org\/en\/wp-json\/wp\/v2\/portfolio_tags?post=26335"}],"curies":[{"name":"wp","href":"https:\/\/api.w.org\/{rel}","templated":true}]}}