{"id":28214,"date":"2024-03-09T10:02:35","date_gmt":"2024-03-09T07:02:35","guid":{"rendered":"https:\/\/kerimvakfi.org\/vakfin-calismasi\/samiha-ayverdi-ve-bugune-aksedenler-programi\/"},"modified":"2025-01-28T13:39:17","modified_gmt":"2025-01-28T10:39:17","slug":"samiha-ayverdi-ve-bugune-aksedenler-programi","status":"publish","type":"avada_portfolio","link":"https:\/\/kerimvakfi.org\/en\/vakfin-calismasi\/samiha-ayverdi-ve-bugune-aksedenler-programi\/","title":{"rendered":"S\u00e2miha Ayverdi ve Bug\u00fcne Aksedenler Program\u0131"},"content":{"rendered":"<p><div class=\"fusion-fullwidth fullwidth-box fusion-builder-row-1 fusion-flex-container nonhundred-percent-fullwidth non-hundred-percent-height-scrolling\" style=\"background-color: rgba(255,255,255,0);background-position: left top;background-repeat: no-repeat;border-width: 0px 0px 0px 0px;border-color:#eae9e9;border-style:solid;\" ><div class=\"fusion-builder-row fusion-row fusion-flex-align-items-flex-start\" style=\"max-width:1248px;margin-left: calc(-4% \/ 2 );margin-right: calc(-4% \/ 2 );\"><div class=\"fusion-layout-column fusion_builder_column fusion-builder-column-0 fusion_builder_column_1_1 1_1 fusion-flex-column fusion-flex-align-self-flex-start fusion-column-no-min-height\"><div class=\"fusion-column-wrapper fusion-flex-justify-content-flex-start fusion-content-layout-column\" style=\"background-position:left top;background-repeat:no-repeat;-webkit-background-size:cover;-moz-background-size:cover;-o-background-size:cover;background-size:cover;padding: 0px 0px 0px 0px;\"><div class=\"fusion-text fusion-text-1\" style=\"transform:translate3d(0,0,0);\"><p><strong>S\u00e2miha Ayverdi ve Bug\u00fcne Aksedenler Program\u0131<\/strong><br \/>\nD\u00fcnya Kad\u0131nlar G\u00fcn\u00fc vesilesiyle, \u00dcsk\u00fcdar \u00dcniversitesi Tasavvuf Ara\u015ft\u0131rmalar\u0131 Enstit\u00fcs\u00fc, Kerim Vakf\u0131 ve T\u00dcRKKAD i\u015f birli\u011fi ile 10 Mart 2024 Pazar g\u00fcn\u00fc 10.00-15.00 saatleri aras\u0131nda d\u00fczenlenecek \u201cS\u00e2miha Ayverdi ve Bug\u00fcne Aksedenler\u201d program\u0131 kapsam\u0131nda iki panel ve \u0130stanbul T\u00fcrk Oca\u011f\u0131 \u00d6m\u00fcrl\u00fc M\u00fbsik\u00ee Toplulu\u011funun ard\u0131ndan Elif \u00d6m\u00fcrl\u00fc Uyar y\u00f6netimindeki konseri ger\u00e7ekle\u015ftirilecektir.<\/p>\n<p>\u00dcsk\u00fcdar \u00dcniversitesi Nermin Tarhan Konferans Salonunda y\u00fcz y\u00fcze ve halka a\u00e7\u0131k olarak yap\u0131lacakt\u0131r.<\/p>\n<p>Program ayn\u0131 zamanda \u00dcsk\u00fcdar \u00dcniversitesi televizyonu ve youtube kanal\u0131ndan yay\u0131nlanacakt\u0131r.<\/p>\n<p>Canl\u0131 yay\u0131n ba\u011flant\u0131s\u0131:\u00a0<a href=\"https:\/\/tv.uskudar.edu.tr\/canli-yayin\" target=\"_blank\" rel=\"noopener\">https:\/\/tv.uskudar.edu.tr\/canli-yayin<\/a><\/p>\n<\/div><\/div><\/div><style type=\"text\/css\">.fusion-body .fusion-builder-column-0{width:100% !important;margin-top : 0px;margin-bottom : 0px;}.fusion-builder-column-0 > .fusion-column-wrapper {padding-top : 0px !important;padding-right : 0px !important;margin-right : 1.92%;padding-bottom : 0px !important;padding-left : 0px !important;margin-left : 1.92%;}@media only screen and (max-width:1024px) {.fusion-body .fusion-builder-column-0{width:100% !important;}.fusion-builder-column-0 > .fusion-column-wrapper {margin-right : 1.92%;margin-left : 1.92%;}}@media only screen and (max-width:640px) {.fusion-body .fusion-builder-column-0{width:100% !important;}.fusion-builder-column-0 > .fusion-column-wrapper {margin-right : 1.92%;margin-left : 1.92%;}}<\/style><\/div><style type=\"text\/css\">.fusion-body .fusion-flex-container.fusion-builder-row-1{ padding-top : 20px;margin-top : 0px;padding-right : 0px;padding-bottom : 20px;margin-bottom : 0px;padding-left : 0px;}<\/style><\/div><div class=\"fusion-fullwidth fullwidth-box fusion-builder-row-2 fusion-flex-container hundred-percent-fullwidth non-hundred-percent-height-scrolling\" style=\"background-color: rgba(255,255,255,0);background-position: center center;background-repeat: no-repeat;border-width: 0px 0px 0px 0px;border-color:#eae9e9;border-style:solid;\" ><div class=\"fusion-builder-row fusion-row fusion-flex-align-items-flex-start\" style=\"width:104% !important;max-width:104% !important;margin-left: calc(-4% \/ 2 );margin-right: calc(-4% \/ 2 );\"><div class=\"fusion-layout-column fusion_builder_column fusion-builder-column-1 fusion_builder_column_1_1 1_1 fusion-flex-column\"><div class=\"fusion-column-wrapper fusion-flex-justify-content-flex-start fusion-content-layout-column\" style=\"background-position:left top;background-repeat:no-repeat;-webkit-background-size:cover;-moz-background-size:cover;-o-background-size:cover;background-size:cover;padding: 0px 0px 0px 0px;\"><style type=\"text\/css\">@media only screen and (max-width:1024px) {.fusion-title.fusion-title-1{margin-top:0px!important;margin-bottom:31px!important;}}@media only screen and (max-width:640px) {.fusion-title.fusion-title-1{margin-top:10px!important;margin-bottom:10px!important;}}<\/style><div class=\"fusion-title title fusion-title-1 fusion-title-center fusion-title-text fusion-title-size-four galeri_title\" style=\"margin-top:0px;margin-bottom:31px;\"><div class=\"title-sep-container title-sep-container-left\"><div class=\"title-sep sep-\" style=\"border-color:#e0dede;\"><\/div><\/div><h4 class=\"title-heading-center\" style=\"margin:0;\"><h3>S\u00e2miha Ayverdi ve Bug\u00fcne Aksedenler Program\u0131<\/h3><\/h4><div class=\"title-sep-container title-sep-container-right\"><div class=\"title-sep sep-\" style=\"border-color:#e0dede;\"><\/div><\/div><\/div><div class=\"fusion-separator fusion-full-width-sep\" style=\"align-self: center;margin-left: auto;margin-right: auto;margin-bottom:10px;width:100%;\"><div class=\"fusion-separator-border sep-shadow\" style=\"background:radial-gradient(ellipse at 50% -50% , #e0dede 0px, rgba(255, 255, 255, 0) 80%) repeat scroll 0 0 rgba(0, 0, 0, 0);background:-webkit-radial-gradient(ellipse at 50% -50% , #e0dede 0px, rgba(255, 255, 255, 0) 80%) repeat scroll 0 0 rgba(0, 0, 0, 0);background:-moz-radial-gradient(ellipse at 50% -50% , #e0dede 0px, rgba(255, 255, 255, 0) 80%) repeat scroll 0 0 rgba(0, 0, 0, 0);background:-o-radial-gradient(ellipse at 50% -50% , #e0dede 0px, rgba(255, 255, 255, 0) 80%) repeat scroll 0 0 rgba(0, 0, 0, 0);\"><\/div><\/div><div class=\"fusion-video fusion-youtube\" style=\"max-width:px;max-height:px;\"><div class=\"video-shortcode\"><iframe title=\"YouTube video player\" src=\"https:\/\/www.youtube.com\/embed\/7gJgGfz_VYA?wmode=transparent&autoplay=0\" width=\"\" height=\"\" allowfullscreen allow=\"autoplay; fullscreen\"><\/iframe><\/div><\/div><div class=\"fusion-separator fusion-full-width-sep\" style=\"align-self: center;margin-left: auto;margin-right: auto;margin-bottom:20px;width:100%;\"><\/div><\/div><\/div><style type=\"text\/css\">.fusion-body .fusion-builder-column-1{width:100% !important;margin-top : 0px;margin-bottom : 20px;}.fusion-builder-column-1 > .fusion-column-wrapper {padding-top : 0px !important;padding-right : 0px !important;margin-right : 1.92%;padding-bottom : 0px !important;padding-left : 0px !important;margin-left : 1.92%;}@media only screen and (max-width:1024px) {.fusion-body .fusion-builder-column-1{width:100% !important;}.fusion-builder-column-1 > .fusion-column-wrapper {margin-right : 1.92%;margin-left : 1.92%;}}@media only screen and (max-width:640px) {.fusion-body .fusion-builder-column-1{width:100% !important;}.fusion-builder-column-1 > .fusion-column-wrapper {margin-right : 1.92%;margin-left : 1.92%;}}<\/style><\/div><style type=\"text\/css\">.fusion-fullwidth.fusion-builder-row-2 { overflow:visible; }.fusion-body .fusion-flex-container.fusion-builder-row-2{ padding-top : 0px;margin-top : 0px;padding-right : 0px;padding-bottom : 0px;margin-bottom : 0px;padding-left : 0px;}<\/style><\/div><div class=\"fusion-fullwidth fullwidth-box fusion-builder-row-3 fusion-flex-container hundred-percent-fullwidth non-hundred-percent-height-scrolling\" style=\"background-color: rgba(255,255,255,0);background-position: center center;background-repeat: no-repeat;border-width: 0px 0px 0px 0px;border-color:#eae9e9;border-style:solid;\" ><div class=\"fusion-builder-row fusion-row fusion-flex-align-items-flex-start\" style=\"width:104% !important;max-width:104% !important;margin-left: calc(-4% \/ 2 );margin-right: calc(-4% \/ 2 );\"><div class=\"fusion-layout-column fusion_builder_column fusion-builder-column-2 fusion_builder_column_1_1 1_1 fusion-flex-column fusion-flex-align-self-flex-start fusion-column-no-min-height\"><div class=\"fusion-column-wrapper fusion-flex-justify-content-flex-start fusion-content-layout-column\" style=\"background-position:left top;background-repeat:no-repeat;-webkit-background-size:cover;-moz-background-size:cover;-o-background-size:cover;background-size:cover;padding: 0px 0px 0px 0px;\"><div class=\"fusion-separator fusion-full-width-sep\" style=\"align-self: center;margin-left: auto;margin-right: auto;width:100%;\"><\/div><div class=\"fusion-tabs fusion-tabs-1 classic fusion-no-small-visibility horizontal-tabs icon-position-left\"><style type=\"text\/css\">.fusion-tabs.fusion-tabs-1 .nav-tabs li a.tab-link{border-top-color:#ebeaea;background-color:#ebeaea;}.fusion-tabs.fusion-tabs-1 .nav-tabs{background-color:#ffffff;}.fusion-tabs.fusion-tabs-1 .nav-tabs li.active a.tab-link,.fusion-tabs.fusion-tabs-1 .nav-tabs li.active a.tab-link:hover,.fusion-tabs.fusion-tabs-1 .nav-tabs li.active a.tab-link:focus{border-right-color:#ffffff;}.fusion-tabs.fusion-tabs-1 .nav-tabs li.active a.tab-link,.fusion-tabs.fusion-tabs-1 .nav-tabs li.active a.tab-link:hover,.fusion-tabs.fusion-tabs-1 .nav-tabs li.active a.tab-link:focus{background-color:#ffffff;}.fusion-tabs.fusion-tabs-1 .nav-tabs li a:hover{background-color:#ffffff;border-top-color:#ffffff;}.fusion-tabs.fusion-tabs-1 .tab-pane{background-color:#ffffff;}.fusion-tabs.fusion-tabs-1 .nav,.fusion-tabs.fusion-tabs-1 .nav-tabs,.fusion-tabs.fusion-tabs-1 .tab-content .tab-pane{border-color:#ebeaea;}<\/style><div class=\"nav\"><ul class=\"nav-tabs nav-justified\" role=\"tablist\"><li class=\"active\"><a class=\"tab-link\" data-toggle=\"tab\" role=\"tab\" aria-controls=\"tab-cbb2a8e6f1e0343753c\" aria-selected=\"true\" id=\"fusion-tab-programaki\u015ei\" href=\"#tab-cbb2a8e6f1e0343753c\"><h4 class=\"fusion-tab-heading\">PROGRAM AKI\u015eI<\/h4><\/a><\/li><\/ul><\/div><div class=\"tab-content\"><div class=\"nav fusion-mobile-tab-nav\"><ul class=\"nav-tabs nav-justified\"><li class=\"active\"><a class=\"tab-link\" data-toggle=\"tab\" role=\"tab\" aria-controls=\"tab-cbb2a8e6f1e0343753c\" aria-selected=\"true\" id=\"mobile-fusion-tab-programaki\u015ei\" href=\"#tab-cbb2a8e6f1e0343753c\"><h4 class=\"fusion-tab-heading\">PROGRAM AKI\u015eI<\/h4><\/a><\/li><\/ul><\/div><div class=\"tab-pane fade fusion-clearfix in active\" role=\"tabpanel\" tabindex=\"0\" aria-labelledby=\"fusion-tab-programaki\u015ei\" id=\"tab-cbb2a8e6f1e0343753c\">\n<p><strong>10.00-10.30 A\u00e7\u0131l\u0131\u015f Konu\u015fmalar\u0131<\/strong><\/p>\n<p>Prof. Dr. Emine Yeniterzi<br \/>\n<em>\u00dc.\u00dc. Tasavvuf Ara\u015ft\u0131rmalar\u0131 Enstit\u00fcs\u00fc Tasavvuf K\u00fclt\u00fcr\u00fc ve Edebiyat\u0131 Anabilim Dal\u0131 Ba\u015fkan\u0131<br \/>\n\u00dc.\u00dc. Tasavvuf Ara\u015ft\u0131rmalar\u0131 Enstit\u00fcs\u00fc M\u00fcd\u00fcr Yard\u0131mc\u0131s\u0131<\/em><\/p>\n<p>Emine Ba\u011fl\u0131<br \/>\n<em>T\u00dcRKKAD Ba\u015fkan\u0131<\/em><\/p>\n<p>Cemalnur Sargut<em><br \/>\n<\/em><em>\u00dc.\u00dc. Rekt\u00f6r Dan\u0131\u015fman\u0131<br \/>\nKerim Vakf\u0131 Kurucusu<\/em><\/p>\n<p><strong>1. Oturum<\/strong><\/p>\n<p>10.30-11.40\u00a0<strong>Oturum Ba\u015fkan\u0131<\/strong>: Dr. \u00d6\u011fr. \u00dcyesi Cang\u00fczel G\u00fcner Z\u00fclfikar<br \/>\n<em>\u00dc.\u00dc. Tasavvuf Ara\u015ft\u0131rmalar\u0131 Enstit\u00fcs\u00fc M\u00fcd\u00fcr Yard\u0131mc\u0131s\u0131 ve \u00d6\u011fretim \u00dcyesi<\/em><\/p>\n<p>\u015eehvar T\u00fckek S\u00e2miha Ayverdi\u2019de \u0130kinci Do\u011fum ve M\u00e2nev\u00ee Dirili\u015f<\/p>\n<p>Deniz Ya\u011fl\u0131\u00a0<a name=\"_Hlk160529272\"><\/a>S\u00e2miha\u00a0Ayverdi\u2019nin\u00a0<em>\u0130nsan ve \u015eeytan<\/em>\u00a0Roman\u0131: \u0130nsan\u0131n Tek\u00e2m\u00fcl\u00fcnde \u015eeytan\u2019\u0131n Rol\u00fc<\/p>\n<p>Serkan \u0130\u00e7tem S\u00e2miha Ayverdi ve Cem\u00eel \u0130nsan<\/p>\n<p><em>10 dk soru ve cevap<\/em><\/p>\n<p>20 dk ara<\/p>\n<p><strong>2. Oturum<\/strong><\/p>\n<p>12.00-13.10\u00a0<strong>Oturum Ba\u015fkan\u0131<\/strong>: Do\u00e7. Dr. Zeyneb \u00c7a\u011fl\u0131yan \u0130\u00e7ener<br \/>\n<em>\u0130stanbul Ticaret \u00dcniversitesi \u0130nsan ve Toplum Bilimleri Fak\u00fcltesi \u00d6\u011fretim \u00dcyesi<\/em><\/p>\n<p>Filiz Kavakl\u0131 S\u00e2miha Ayverdi\u2019nin Yarat\u0131c\u0131 H\u00fcrriyeti<\/p>\n<p>Elif Titrek \u0130\u2018l\u00e2-y\u0131 Kelimetullah Prensibi: Unutulan\u0131 Hat\u0131rlamak, Kaybedileni Aramak<\/p>\n<p><em>10 dk soru ve cevap<\/em><\/p>\n<p>20 dk ara<\/p>\n<p><strong>Konser<\/strong><\/p>\n<p>\u0130stanbul T\u00fcrk Oca\u011f\u0131 \u00d6m\u00fcrl\u00fc M\u00fbsik\u00ee Toplulu\u011fu<\/p>\n<p>Zek\u00e2i Dede\u2019nin S\u00fbzidil Mevlev\u00ee \u00c2y\u00eeni<\/p>\n<p>Y\u00f6neten: Elif \u00d6m\u00fcrl\u00fc Uyar<\/p>\n<p><strong>\u00d6zge\u00e7mi\u015fler<\/strong><\/p>\n<p><strong>\u015eehvar T\u00fckek<\/strong>,\u00a0<em>S\u00e2miha Ayverdi\u2019de \u0130kinci Do\u011fum ve M\u00e2nev\u00ee Dirili\u015f<\/em><\/p>\n<p>Bo\u011fazi\u00e7i \u00dcniversitesi \u0130ngiliz Dili ve Edebiyat\u0131 B\u00f6l\u00fcm\u00fcnden mezun olan \u015eehvar T\u00fckek \u00dcsk\u00fcdar \u00dcniversitesi Tasavvuf K\u00fclt\u00fcr\u00fc ve Edebiyat\u0131 Y\u00fcksek Lisans program\u0131n\u0131 \u201cTasavvufta Anal\u0131k Kavram\u0131: S\u00e2miha Ayverdi ve Vehbi G\u00fcneri&#8217;ye Mektuplar\u0131\u201d ba\u015fl\u0131kl\u0131 teziyle tamamlad\u0131. Kendisi h\u00e2len \u00dcsk\u00fcdar \u00dcniversitesi Tasavvuf Ara\u015ft\u0131rmalar\u0131 Enstit\u00fcs\u00fc\u2019nde, \u0130sl\u00e2m Medeniyeti, D\u00fc\u015f\u00fcncesi, Tarihi ve Edebiyat\u0131 B\u00f6l\u00fcm\u00fc\u2019nde doktora \u00f6\u011frencisidir. Kerim E\u011fitim, K\u00fclt\u00fcr ve Sa\u011fl\u0131k Vakf\u0131 genel sekreterli\u011fi g\u00f6revini y\u00fcr\u00fcten \u015eehvar T\u00fckek ayn\u0131 zamanda T\u00fcrk Kad\u0131nlar\u0131 K\u00fclt\u00fcr Derne\u011fi \u0130stanbul \u015eubesi Y\u00f6netim Kurulu \u00fcyesidir.<\/p>\n<p><strong>Deniz Ya\u011fl\u0131\u00a0<\/strong><em>S\u00e2miha Ayverdi\u2019nin \u0130nsan ve \u015eeytan Roman\u0131: \u0130nsan\u0131n Tek\u00e2m\u00fcl\u00fcnde \u015eeytan&#8217;\u0131n Rol\u00fc<\/em><\/p>\n<p>\u0130stanbul \u00dcniversitesi \u0130leti\u015fim Fak\u00fcltesi mezunlar\u0131ndan olan Deniz Ya\u011fl\u0131 \u00dcsk\u00fcdar \u00dcniversitesi Tasavvuf Ara\u015ft\u0131rmalar\u0131 Enstit\u00fcs\u00fcnde y\u00fcksek lisans\u0131n\u0131 \u201cS\u00e2miha Ayverdi&#8217;nin \u0130nsan ve \u015eeytan Eserinde \u0130nsan-\u015eeytan \u0130li\u015fkisi\u201d ba\u015fl\u0131kl\u0131 teziyle tamamlad\u0131. Kendisi, Enstit\u00fcn\u00fcn \u0130sl\u00e2m Medeniyeti, D\u00fc\u015f\u00fcncesi, Tarihi ve Edebiyat\u0131 Doktora program\u0131nda talebedir.<\/p>\n<p><strong>Serkan \u0130\u00e7tem<\/strong>,\u00a0<em>S\u00e2miha Ayverdi ve Cem\u00eel \u0130nsan<\/em><\/p>\n<p>Serkan \u0130\u00e7tem \u0130stanbul \u00dcniversitesi Hukuk Fak\u00fcltesinden mezun olduktan sonra avukat olarak i\u015f hayat\u0131na ba\u015flam\u0131\u015f hukuk y\u00fcksek lisans\u0131n\u0131 New York \u00dcniversitesinde tamamlam\u0131\u015ft\u0131r. 2023 y\u0131l\u0131nda \u00dcsk\u00fcdar \u00dcniversitesi Tasavvuf Ara\u015ft\u0131rmalar\u0131 Enstit\u00fcs\u00fcnde \u201cTasavvuf D\u00fc\u015f\u00fcncesinde Cem\u00e2l Kavram\u0131 ve S\u00e2miha Ayverdi&#8217;nin Cem\u00e2l Anlay\u0131\u015f\u0131\u201d ba\u015fl\u0131kl\u0131 teziyle mezun olmu\u015ftur. Kurucu orta\u011f\u0131 oldu\u011fu hukuk b\u00fcrosunda avukat olarak i\u015f hayat\u0131na devam etmektedir.<\/p>\n<p><strong>Filiz Kavakl\u0131<\/strong>,\u00a0<em>S\u00e2miha Ayverdi\u2019nin Yarat\u0131c\u0131 H\u00fcrriyeti<\/em><\/p>\n<p>Filiz Kavakl\u0131, Gazi \u00dcniversitesi \u0130\u015fletme B\u00f6l\u00fcm\u00fcnden mezunudur. \u0130lk y\u00fcksek lisans\u0131n\u0131 \u201cYeni Avrupa \u00dclkelerinde Bankac\u0131l\u0131k ve Giri\u015fimcilik\u201d konusunda \u0130talya\u2019da yapm\u0131\u015ft\u0131r. \u00d6zel bir bankada y\u00f6neticidir. \u00dcsk\u00fcdar \u00dcniversitesi Tasavvuf Ara\u015ft\u0131rmalar\u0131 Enstit\u00fcs\u00fc\u2019nde \u201cTasavvuf\u00ee Bak\u0131\u015f A\u00e7\u0131s\u0131yla S\u00e2miha Ayverdi&#8217;nin\u00a0<em>\u0130nsan ve \u015eeytan<\/em>\u00a0roman\u0131nda \u0130nsan\u0131n H\u00fcrriyeti Kavram\u0131\u201d ba\u015fl\u0131kl\u0131 y\u00fcksek lisans tezini tamamlam\u0131\u015ft\u0131r, \u015fimdi Enstit\u00fcde, \u0130sl\u00e2m Medeniyeti, D\u00fc\u015f\u00fcncesi, Tarihi ve Edebiyat\u0131 program\u0131nda doktora talebesi olarak \u00e7al\u0131\u015fmalar\u0131na devam etmektedir.<\/p>\n<p><strong>Elif Titrek<\/strong>\u00a0<em>\u0130\u2018l\u00e2-y\u0131 kelimetullah Prensibi: Unutulan\u0131 Hat\u0131rlamak, Kaybedileni Aramak<\/em><\/p>\n<p>Bursa\u2019da do\u011fan Elif Titrek Uluda\u011f \u00dcniversitesi Fen Edebiyat Fak\u00fcltesi Biyoloji B\u00f6l\u00fcm\u00fcnden mezun oldu. \u00dcsk\u00fcdar \u00dcniversitesi Tasavvuf Ara\u015ft\u0131rmalar\u0131 Enstit\u00fcs\u00fc\u2019nde Tasavvuf K\u00fclt\u00fcr\u00fc ve Edebiyat\u0131 B\u00f6l\u00fcm\u00fc\u2019nde y\u00fcksek lisans\u0131n\u0131 \u201cS\u00e2miha Ayverdi\u2019nin\u00a0<em>K\u00f6lelikten Efendili\u011fe<\/em>\u00a0\u0130simli Eserinde \u0130\u2018l\u00e2-y\u0131 Kelimetullah Kavram\u0131\u201d ba\u015fl\u0131kl\u0131 teziyle tamamlad\u0131.<\/p>\n<p>\u00dcsk\u00fcdar \u00dcniversitesi Tasavvuf Ara\u015ft\u0131rmalar\u0131 Enstit\u00fcs\u00fc\u2019nde, \u0130sl\u00e2m Medeniyeti, D\u00fc\u015f\u00fcncesi, Tarihi ve Edebiyat\u0131 program\u0131nda doktora \u00f6\u011frencisidir. Bursa\u2019da \u00f6zel bir okulda \u0130ngilizce \u00f6\u011fretmeni olarak \u00e7al\u0131\u015fmaktad\u0131r.<\/p>\n<\/div><\/div><\/div><\/div><\/div><style type=\"text\/css\">.fusion-body .fusion-builder-column-2{width:100% !important;margin-top : 0px;margin-bottom : 0px;}.fusion-builder-column-2 > .fusion-column-wrapper {padding-top : 0px !important;padding-right : 0px !important;margin-right : 1.92%;padding-bottom : 0px !important;padding-left : 0px !important;margin-left : 1.92%;}@media only screen and (max-width:1024px) {.fusion-body .fusion-builder-column-2{width:100% !important;}.fusion-builder-column-2 > .fusion-column-wrapper {margin-right : 1.92%;margin-left : 1.92%;}}@media only screen and (max-width:640px) {.fusion-body .fusion-builder-column-2{width:100% !important;}.fusion-builder-column-2 > .fusion-column-wrapper {margin-right : 1.92%;margin-left : 1.92%;}}<\/style><\/div><style type=\"text\/css\">.fusion-fullwidth.fusion-builder-row-3 { overflow:visible; }.fusion-body .fusion-flex-container.fusion-builder-row-3{ padding-top : 0px;margin-top : 0px;padding-right : 0px;padding-bottom : 0px;margin-bottom : 20px;padding-left : 0px;}<\/style><\/div><\/p>\n","protected":false},"excerpt":{"rendered":"","protected":false},"author":1,"featured_media":28196,"menu_order":0,"comment_status":"open","ping_status":"closed","template":"","format":"standard","meta":{"spay_email":""},"portfolio_category":[185],"portfolio_skills":[],"portfolio_tags":[],"yoast_head":"<!-- This site is optimized with the Yoast SEO plugin v18.3 - https:\/\/yoast.com\/wordpress\/plugins\/seo\/ -->\n<title>S\u00e2miha Ayverdi ve Bug\u00fcne Aksedenler Program\u0131 - Kerim Vakf\u0131<\/title>\n<meta name=\"robots\" content=\"index, follow, max-snippet:-1, max-image-preview:large, max-video-preview:-1\" \/>\n<link rel=\"canonical\" href=\"https:\/\/kerimvakfi.org\/en\/vakfin-calismasi\/samiha-ayverdi-ve-bugune-aksedenler-programi\/\" \/>\n<meta property=\"og:locale\" content=\"en_US\" \/>\n<meta property=\"og:type\" content=\"article\" \/>\n<meta property=\"og:title\" content=\"S\u00e2miha Ayverdi ve Bug\u00fcne Aksedenler Program\u0131 - Kerim Vakf\u0131\" \/>\n<meta property=\"og:url\" content=\"https:\/\/kerimvakfi.org\/en\/vakfin-calismasi\/samiha-ayverdi-ve-bugune-aksedenler-programi\/\" \/>\n<meta property=\"og:site_name\" content=\"Kerim Vakf\u0131\" \/>\n<meta property=\"article:publisher\" content=\"https:\/\/www.facebook.com\/kerimvakfi\" \/>\n<meta property=\"article:modified_time\" content=\"2025-01-28T10:39:17+00:00\" \/>\n<meta property=\"og:image\" content=\"https:\/\/kerimvakfi.org\/wp-content\/uploads\/2024\/03\/760x360_SA_24.jpg\" \/>\n\t<meta property=\"og:image:width\" content=\"760\" \/>\n\t<meta property=\"og:image:height\" content=\"380\" \/>\n\t<meta property=\"og:image:type\" content=\"image\/jpeg\" \/>\n<meta name=\"twitter:card\" content=\"summary\" \/>\n<meta name=\"twitter:site\" content=\"@kerimvakfi\" \/>\n<meta name=\"twitter:label1\" content=\"Est. reading time\" \/>\n\t<meta name=\"twitter:data1\" content=\"8 minutes\" \/>\n<script type=\"application\/ld+json\" class=\"yoast-schema-graph\">{\"@context\":\"https:\/\/schema.org\",\"@graph\":[{\"@type\":\"WebSite\",\"@id\":\"https:\/\/kerimvakfi.org\/#website\",\"url\":\"https:\/\/kerimvakfi.org\/\",\"name\":\"Kerim Vakf\u0131\",\"description\":\"Kerim E\u011fitim K\u00fclt\u00fcr ve Sa\u011fl\u0131k Vakf\u0131\",\"potentialAction\":[{\"@type\":\"SearchAction\",\"target\":{\"@type\":\"EntryPoint\",\"urlTemplate\":\"https:\/\/kerimvakfi.org\/?s={search_term_string}\"},\"query-input\":\"required name=search_term_string\"}],\"inLanguage\":\"en-US\"},{\"@type\":\"ImageObject\",\"@id\":\"https:\/\/kerimvakfi.org\/en\/vakfin-calismasi\/samiha-ayverdi-ve-bugune-aksedenler-programi\/#primaryimage\",\"inLanguage\":\"en-US\",\"url\":\"https:\/\/i2.wp.com\/kerimvakfi.org\/wp-content\/uploads\/2024\/03\/760x360_SA_24.jpg?fit=760%2C380&ssl=1\",\"contentUrl\":\"https:\/\/i2.wp.com\/kerimvakfi.org\/wp-content\/uploads\/2024\/03\/760x360_SA_24.jpg?fit=760%2C380&ssl=1\",\"width\":760,\"height\":380},{\"@type\":\"WebPage\",\"@id\":\"https:\/\/kerimvakfi.org\/en\/vakfin-calismasi\/samiha-ayverdi-ve-bugune-aksedenler-programi\/#webpage\",\"url\":\"https:\/\/kerimvakfi.org\/en\/vakfin-calismasi\/samiha-ayverdi-ve-bugune-aksedenler-programi\/\",\"name\":\"S\u00e2miha Ayverdi ve Bug\u00fcne Aksedenler Program\u0131 - Kerim Vakf\u0131\",\"isPartOf\":{\"@id\":\"https:\/\/kerimvakfi.org\/#website\"},\"primaryImageOfPage\":{\"@id\":\"https:\/\/kerimvakfi.org\/en\/vakfin-calismasi\/samiha-ayverdi-ve-bugune-aksedenler-programi\/#primaryimage\"},\"datePublished\":\"2024-03-09T07:02:35+00:00\",\"dateModified\":\"2025-01-28T10:39:17+00:00\",\"breadcrumb\":{\"@id\":\"https:\/\/kerimvakfi.org\/en\/vakfin-calismasi\/samiha-ayverdi-ve-bugune-aksedenler-programi\/#breadcrumb\"},\"inLanguage\":\"en-US\",\"potentialAction\":[{\"@type\":\"ReadAction\",\"target\":[\"https:\/\/kerimvakfi.org\/en\/vakfin-calismasi\/samiha-ayverdi-ve-bugune-aksedenler-programi\/\"]}]},{\"@type\":\"BreadcrumbList\",\"@id\":\"https:\/\/kerimvakfi.org\/en\/vakfin-calismasi\/samiha-ayverdi-ve-bugune-aksedenler-programi\/#breadcrumb\",\"itemListElement\":[{\"@type\":\"ListItem\",\"position\":1,\"name\":\"Ana sayfa\",\"item\":\"https:\/\/kerimvakfi.org\/en\/\"},{\"@type\":\"ListItem\",\"position\":2,\"name\":\"Portfolio\",\"item\":\"https:\/\/kerimvakfi.org\/vakfin-calismasi\/\"},{\"@type\":\"ListItem\",\"position\":3,\"name\":\"S\u00e2miha Ayverdi ve Bug\u00fcne Aksedenler Program\u0131\"}]}]}<\/script>\n<!-- \/ Yoast SEO plugin. -->","yoast_head_json":{"title":"S\u00e2miha Ayverdi ve Bug\u00fcne Aksedenler Program\u0131 - Kerim Vakf\u0131","robots":{"index":"index","follow":"follow","max-snippet":"max-snippet:-1","max-image-preview":"max-image-preview:large","max-video-preview":"max-video-preview:-1"},"canonical":"https:\/\/kerimvakfi.org\/en\/vakfin-calismasi\/samiha-ayverdi-ve-bugune-aksedenler-programi\/","og_locale":"en_US","og_type":"article","og_title":"S\u00e2miha Ayverdi ve Bug\u00fcne Aksedenler Program\u0131 - Kerim Vakf\u0131","og_url":"https:\/\/kerimvakfi.org\/en\/vakfin-calismasi\/samiha-ayverdi-ve-bugune-aksedenler-programi\/","og_site_name":"Kerim Vakf\u0131","article_publisher":"https:\/\/www.facebook.com\/kerimvakfi","article_modified_time":"2025-01-28T10:39:17+00:00","og_image":[{"width":760,"height":380,"url":"https:\/\/kerimvakfi.org\/wp-content\/uploads\/2024\/03\/760x360_SA_24.jpg","type":"image\/jpeg"}],"twitter_card":"summary","twitter_site":"@kerimvakfi","twitter_misc":{"Est. reading time":"8 minutes"},"schema":{"@context":"https:\/\/schema.org","@graph":[{"@type":"WebSite","@id":"https:\/\/kerimvakfi.org\/#website","url":"https:\/\/kerimvakfi.org\/","name":"Kerim Vakf\u0131","description":"Kerim E\u011fitim K\u00fclt\u00fcr ve Sa\u011fl\u0131k Vakf\u0131","potentialAction":[{"@type":"SearchAction","target":{"@type":"EntryPoint","urlTemplate":"https:\/\/kerimvakfi.org\/?s={search_term_string}"},"query-input":"required name=search_term_string"}],"inLanguage":"en-US"},{"@type":"ImageObject","@id":"https:\/\/kerimvakfi.org\/en\/vakfin-calismasi\/samiha-ayverdi-ve-bugune-aksedenler-programi\/#primaryimage","inLanguage":"en-US","url":"https:\/\/i2.wp.com\/kerimvakfi.org\/wp-content\/uploads\/2024\/03\/760x360_SA_24.jpg?fit=760%2C380&ssl=1","contentUrl":"https:\/\/i2.wp.com\/kerimvakfi.org\/wp-content\/uploads\/2024\/03\/760x360_SA_24.jpg?fit=760%2C380&ssl=1","width":760,"height":380},{"@type":"WebPage","@id":"https:\/\/kerimvakfi.org\/en\/vakfin-calismasi\/samiha-ayverdi-ve-bugune-aksedenler-programi\/#webpage","url":"https:\/\/kerimvakfi.org\/en\/vakfin-calismasi\/samiha-ayverdi-ve-bugune-aksedenler-programi\/","name":"S\u00e2miha Ayverdi ve Bug\u00fcne Aksedenler Program\u0131 - Kerim Vakf\u0131","isPartOf":{"@id":"https:\/\/kerimvakfi.org\/#website"},"primaryImageOfPage":{"@id":"https:\/\/kerimvakfi.org\/en\/vakfin-calismasi\/samiha-ayverdi-ve-bugune-aksedenler-programi\/#primaryimage"},"datePublished":"2024-03-09T07:02:35+00:00","dateModified":"2025-01-28T10:39:17+00:00","breadcrumb":{"@id":"https:\/\/kerimvakfi.org\/en\/vakfin-calismasi\/samiha-ayverdi-ve-bugune-aksedenler-programi\/#breadcrumb"},"inLanguage":"en-US","potentialAction":[{"@type":"ReadAction","target":["https:\/\/kerimvakfi.org\/en\/vakfin-calismasi\/samiha-ayverdi-ve-bugune-aksedenler-programi\/"]}]},{"@type":"BreadcrumbList","@id":"https:\/\/kerimvakfi.org\/en\/vakfin-calismasi\/samiha-ayverdi-ve-bugune-aksedenler-programi\/#breadcrumb","itemListElement":[{"@type":"ListItem","position":1,"name":"Ana sayfa","item":"https:\/\/kerimvakfi.org\/en\/"},{"@type":"ListItem","position":2,"name":"Portfolio","item":"https:\/\/kerimvakfi.org\/vakfin-calismasi\/"},{"@type":"ListItem","position":3,"name":"S\u00e2miha Ayverdi ve Bug\u00fcne Aksedenler Program\u0131"}]}]}},"_links":{"self":[{"href":"https:\/\/kerimvakfi.org\/en\/wp-json\/wp\/v2\/avada_portfolio\/28214"}],"collection":[{"href":"https:\/\/kerimvakfi.org\/en\/wp-json\/wp\/v2\/avada_portfolio"}],"about":[{"href":"https:\/\/kerimvakfi.org\/en\/wp-json\/wp\/v2\/types\/avada_portfolio"}],"author":[{"embeddable":true,"href":"https:\/\/kerimvakfi.org\/en\/wp-json\/wp\/v2\/users\/1"}],"replies":[{"embeddable":true,"href":"https:\/\/kerimvakfi.org\/en\/wp-json\/wp\/v2\/comments?post=28214"}],"version-history":[{"count":2,"href":"https:\/\/kerimvakfi.org\/en\/wp-json\/wp\/v2\/avada_portfolio\/28214\/revisions"}],"predecessor-version":[{"id":28388,"href":"https:\/\/kerimvakfi.org\/en\/wp-json\/wp\/v2\/avada_portfolio\/28214\/revisions\/28388"}],"wp:featuredmedia":[{"embeddable":true,"href":"https:\/\/kerimvakfi.org\/en\/wp-json\/wp\/v2\/media\/28196"}],"wp:attachment":[{"href":"https:\/\/kerimvakfi.org\/en\/wp-json\/wp\/v2\/media?parent=28214"}],"wp:term":[{"taxonomy":"portfolio_category","embeddable":true,"href":"https:\/\/kerimvakfi.org\/en\/wp-json\/wp\/v2\/portfolio_category?post=28214"},{"taxonomy":"portfolio_skills","embeddable":true,"href":"https:\/\/kerimvakfi.org\/en\/wp-json\/wp\/v2\/portfolio_skills?post=28214"},{"taxonomy":"portfolio_tags","embeddable":true,"href":"https:\/\/kerimvakfi.org\/en\/wp-json\/wp\/v2\/portfolio_tags?post=28214"}],"curies":[{"name":"wp","href":"https:\/\/api.w.org\/{rel}","templated":true}]}}