{"id":28395,"date":"2024-07-13T13:42:50","date_gmt":"2024-07-13T10:42:50","guid":{"rendered":"https:\/\/kerimvakfi.org\/vakfin-calismasi\/insan-tasavvufi-dusunce-ve-sifa-konferans-serisi-programi\/"},"modified":"2025-01-28T13:52:49","modified_gmt":"2025-01-28T10:52:49","slug":"insan-tasavvufi-dusunce-ve-sifa-konferans-serisi-programi","status":"publish","type":"avada_portfolio","link":"https:\/\/kerimvakfi.org\/en\/vakfin-calismasi\/insan-tasavvufi-dusunce-ve-sifa-konferans-serisi-programi\/","title":{"rendered":"&#8220;\u0130nsan, Tasavvuf\u00ee D\u00fc\u015f\u00fcnce ve \u015eif\u00e2&#8221; Konferans Serisi Program\u0131"},"content":{"rendered":"<p><div class=\"fusion-fullwidth fullwidth-box fusion-builder-row-1 fusion-flex-container nonhundred-percent-fullwidth non-hundred-percent-height-scrolling\" style=\"background-color: rgba(255,255,255,0);background-position: left top;background-repeat: no-repeat;border-width: 0px 0px 0px 0px;border-color:#eae9e9;border-style:solid;\" ><div class=\"fusion-builder-row fusion-row fusion-flex-align-items-flex-start\" style=\"max-width:1248px;margin-left: calc(-4% \/ 2 );margin-right: calc(-4% \/ 2 );\"><div class=\"fusion-layout-column fusion_builder_column fusion-builder-column-0 fusion_builder_column_1_1 1_1 fusion-flex-column fusion-flex-align-self-flex-start fusion-column-no-min-height\"><div class=\"fusion-column-wrapper fusion-flex-justify-content-flex-start fusion-content-layout-column\" style=\"background-position:left top;background-repeat:no-repeat;-webkit-background-size:cover;-moz-background-size:cover;-o-background-size:cover;background-size:cover;padding: 0px 0px 0px 0px;\"><div class=\"fusion-text fusion-text-1\" style=\"transform:translate3d(0,0,0);\"><p>\u00dc.\u00dc. Tasavvuf Ara\u015ft\u0131rmalar\u0131 Enstit\u00fcs\u00fc, Sufi Corner ve Kerim Vakf\u0131 destekleriyle d\u00fczenlenen \u201c\u0130nsan, Tasavvuf\u00ee D\u00fc\u015f\u00fcnce ve \u015eif\u00e2\u201d Konferans Serisi program\u0131m\u0131z 13 Temmuz 2024 Cumartesi g\u00fcn\u00fc halka a\u00e7\u0131k olarak Nermin Tarhan Konferans Salonu\u2019nda ger\u00e7ekle\u015ftirilecektir. Programa t\u00fcm ilgililer davetlidir. Program\u0131n cumartesi g\u00fcn\u00fc yap\u0131lacak bu b\u00f6l\u00fcm\u00fc \u00fccretsiz olup, kay\u0131t yap\u0131lmas\u0131na gerek yoktur. Programda simultane terc\u00fcme imk\u00e2n\u0131 bulunmaktad\u0131r.<\/p>\n<p>Program ayn\u0131 zamanda \u00dc\u00dcTV ve \u00dcsk\u00fcdar \u00dcniversitesi youtube kanal\u0131ndan canl\u0131 olarak yay\u0131nlanacakt\u0131r.<\/p>\n<\/div><\/div><\/div><style type=\"text\/css\">.fusion-body .fusion-builder-column-0{width:100% !important;margin-top : 0px;margin-bottom : 0px;}.fusion-builder-column-0 > .fusion-column-wrapper {padding-top : 0px !important;padding-right : 0px !important;margin-right : 1.92%;padding-bottom : 0px !important;padding-left : 0px !important;margin-left : 1.92%;}@media only screen and (max-width:1024px) {.fusion-body .fusion-builder-column-0{width:100% !important;}.fusion-builder-column-0 > .fusion-column-wrapper {margin-right : 1.92%;margin-left : 1.92%;}}@media only screen and (max-width:640px) {.fusion-body .fusion-builder-column-0{width:100% !important;}.fusion-builder-column-0 > .fusion-column-wrapper {margin-right : 1.92%;margin-left : 1.92%;}}<\/style><\/div><style type=\"text\/css\">.fusion-body .fusion-flex-container.fusion-builder-row-1{ padding-top : 20px;margin-top : 0px;padding-right : 0px;padding-bottom : 20px;margin-bottom : 0px;padding-left : 0px;}<\/style><\/div><div class=\"fusion-fullwidth fullwidth-box fusion-builder-row-2 fusion-flex-container hundred-percent-fullwidth non-hundred-percent-height-scrolling\" style=\"background-color: rgba(255,255,255,0);background-position: center center;background-repeat: no-repeat;border-width: 0px 0px 0px 0px;border-color:#eae9e9;border-style:solid;\" ><div class=\"fusion-builder-row fusion-row fusion-flex-align-items-flex-start\" style=\"width:104% !important;max-width:104% !important;margin-left: calc(-4% \/ 2 );margin-right: calc(-4% \/ 2 );\"><div class=\"fusion-layout-column fusion_builder_column fusion-builder-column-1 fusion_builder_column_1_1 1_1 fusion-flex-column\"><div class=\"fusion-column-wrapper fusion-flex-justify-content-flex-start fusion-content-layout-column\" style=\"background-position:left top;background-repeat:no-repeat;-webkit-background-size:cover;-moz-background-size:cover;-o-background-size:cover;background-size:cover;padding: 0px 0px 0px 0px;\"><style type=\"text\/css\">@media only screen and (max-width:1024px) {.fusion-title.fusion-title-1{margin-top:0px!important;margin-bottom:31px!important;}}@media only screen and (max-width:640px) {.fusion-title.fusion-title-1{margin-top:10px!important;margin-bottom:10px!important;}}<\/style><div class=\"fusion-title title fusion-title-1 fusion-title-center fusion-title-text fusion-title-size-four galeri_title\" style=\"margin-top:0px;margin-bottom:31px;\"><div class=\"title-sep-container title-sep-container-left\"><div class=\"title-sep sep-\" style=\"border-color:#e0dede;\"><\/div><\/div><h4 class=\"title-heading-center\" style=\"margin:0;\"><h3>&#8220;\u0130nsan, Tasavvuf\u00ee D\u00fc\u015f\u00fcnce ve \u015eif\u00e2&#8221; Konferans Serisi Program\u0131<\/h3><\/h4><div class=\"title-sep-container title-sep-container-right\"><div class=\"title-sep sep-\" style=\"border-color:#e0dede;\"><\/div><\/div><\/div><div class=\"fusion-separator fusion-full-width-sep\" style=\"align-self: center;margin-left: auto;margin-right: auto;margin-bottom:10px;width:100%;\"><div class=\"fusion-separator-border sep-shadow\" style=\"background:radial-gradient(ellipse at 50% -50% , #e0dede 0px, rgba(255, 255, 255, 0) 80%) repeat scroll 0 0 rgba(0, 0, 0, 0);background:-webkit-radial-gradient(ellipse at 50% -50% , #e0dede 0px, rgba(255, 255, 255, 0) 80%) repeat scroll 0 0 rgba(0, 0, 0, 0);background:-moz-radial-gradient(ellipse at 50% -50% , #e0dede 0px, rgba(255, 255, 255, 0) 80%) repeat scroll 0 0 rgba(0, 0, 0, 0);background:-o-radial-gradient(ellipse at 50% -50% , #e0dede 0px, rgba(255, 255, 255, 0) 80%) repeat scroll 0 0 rgba(0, 0, 0, 0);\"><\/div><\/div><div class=\"fusion-video fusion-youtube\" style=\"max-width:px;max-height:px;\"><div class=\"video-shortcode\"><iframe title=\"YouTube video player\" src=\"https:\/\/www.youtube.com\/embed\/H_PX7kUczbA?wmode=transparent&autoplay=0\" width=\"\" height=\"\" allowfullscreen allow=\"autoplay; fullscreen\"><\/iframe><\/div><\/div><div class=\"fusion-separator fusion-full-width-sep\" style=\"align-self: center;margin-left: auto;margin-right: auto;margin-bottom:20px;width:100%;\"><\/div><\/div><\/div><style type=\"text\/css\">.fusion-body .fusion-builder-column-1{width:100% !important;margin-top : 0px;margin-bottom : 20px;}.fusion-builder-column-1 > .fusion-column-wrapper {padding-top : 0px !important;padding-right : 0px !important;margin-right : 1.92%;padding-bottom : 0px !important;padding-left : 0px !important;margin-left : 1.92%;}@media only screen and (max-width:1024px) {.fusion-body .fusion-builder-column-1{width:100% !important;}.fusion-builder-column-1 > .fusion-column-wrapper {margin-right : 1.92%;margin-left : 1.92%;}}@media only screen and (max-width:640px) {.fusion-body .fusion-builder-column-1{width:100% !important;}.fusion-builder-column-1 > .fusion-column-wrapper {margin-right : 1.92%;margin-left : 1.92%;}}<\/style><\/div><style type=\"text\/css\">.fusion-fullwidth.fusion-builder-row-2 { overflow:visible; }.fusion-body .fusion-flex-container.fusion-builder-row-2{ padding-top : 0px;margin-top : 0px;padding-right : 0px;padding-bottom : 0px;margin-bottom : 0px;padding-left : 0px;}<\/style><\/div><div class=\"fusion-fullwidth fullwidth-box fusion-builder-row-3 fusion-flex-container hundred-percent-fullwidth non-hundred-percent-height-scrolling\" style=\"background-color: rgba(255,255,255,0);background-position: center center;background-repeat: no-repeat;border-width: 0px 0px 0px 0px;border-color:#eae9e9;border-style:solid;\" ><div class=\"fusion-builder-row fusion-row fusion-flex-align-items-flex-start\" style=\"width:104% !important;max-width:104% !important;margin-left: calc(-4% \/ 2 );margin-right: calc(-4% \/ 2 );\"><div class=\"fusion-layout-column fusion_builder_column fusion-builder-column-2 fusion_builder_column_1_1 1_1 fusion-flex-column fusion-flex-align-self-flex-start fusion-column-no-min-height\"><div class=\"fusion-column-wrapper fusion-flex-justify-content-flex-start fusion-content-layout-column\" style=\"background-position:left top;background-repeat:no-repeat;-webkit-background-size:cover;-moz-background-size:cover;-o-background-size:cover;background-size:cover;padding: 0px 0px 0px 0px;\"><div class=\"fusion-separator fusion-full-width-sep\" style=\"align-self: center;margin-left: auto;margin-right: auto;width:100%;\"><\/div><div class=\"fusion-tabs fusion-tabs-1 classic fusion-no-small-visibility horizontal-tabs icon-position-left\"><style type=\"text\/css\">.fusion-tabs.fusion-tabs-1 .nav-tabs li a.tab-link{border-top-color:#ebeaea;background-color:#ebeaea;}.fusion-tabs.fusion-tabs-1 .nav-tabs{background-color:#ffffff;}.fusion-tabs.fusion-tabs-1 .nav-tabs li.active a.tab-link,.fusion-tabs.fusion-tabs-1 .nav-tabs li.active a.tab-link:hover,.fusion-tabs.fusion-tabs-1 .nav-tabs li.active a.tab-link:focus{border-right-color:#ffffff;}.fusion-tabs.fusion-tabs-1 .nav-tabs li.active a.tab-link,.fusion-tabs.fusion-tabs-1 .nav-tabs li.active a.tab-link:hover,.fusion-tabs.fusion-tabs-1 .nav-tabs li.active a.tab-link:focus{background-color:#ffffff;}.fusion-tabs.fusion-tabs-1 .nav-tabs li a:hover{background-color:#ffffff;border-top-color:#ffffff;}.fusion-tabs.fusion-tabs-1 .tab-pane{background-color:#ffffff;}.fusion-tabs.fusion-tabs-1 .nav,.fusion-tabs.fusion-tabs-1 .nav-tabs,.fusion-tabs.fusion-tabs-1 .tab-content .tab-pane{border-color:#ebeaea;}<\/style><div class=\"nav\"><ul class=\"nav-tabs nav-justified\" role=\"tablist\"><li class=\"active\"><a class=\"tab-link\" data-toggle=\"tab\" role=\"tab\" aria-controls=\"tab-7709b17870640c37e30\" aria-selected=\"true\" id=\"fusion-tab-program\" href=\"#tab-7709b17870640c37e30\"><h4 class=\"fusion-tab-heading\">PROGRAM<\/h4><\/a><\/li><\/ul><\/div><div class=\"tab-content\"><div class=\"nav fusion-mobile-tab-nav\"><ul class=\"nav-tabs nav-justified\"><li class=\"active\"><a class=\"tab-link\" data-toggle=\"tab\" role=\"tab\" aria-controls=\"tab-7709b17870640c37e30\" aria-selected=\"true\" id=\"mobile-fusion-tab-program\" href=\"#tab-7709b17870640c37e30\"><h4 class=\"fusion-tab-heading\">PROGRAM<\/h4><\/a><\/li><\/ul><\/div><div class=\"tab-pane fade fusion-clearfix in active\" role=\"tabpanel\" tabindex=\"0\" aria-labelledby=\"fusion-tab-program\" id=\"tab-7709b17870640c37e30\">\n<p><strong>\u201c\u0130nsan, Tasavvuf\u00ee D\u00fc\u015f\u00fcnce ve \u015eif\u00e2\u201d Konferans Serisi 13 Temmuz 2024 Cumartesi Program\u0131\u00a0<\/strong><strong>\u00a0<\/strong><\/p>\n<p><strong>09.00-10.00<\/strong>\u00a0A\u00e7\u0131l\u0131\u015f Konu\u015fmalar\u0131<br \/>\n<em>\u00dc.\u00dc. Kurucu Rekt\u00f6r ve Y\u00f6netim \u00dcst Kurulu Ba\u015fkan\u0131 Prof. Dr. Nevzat Tarhan\u2019\u0131n kat\u0131l\u0131mlar\u0131yla<\/em><\/p>\n<p><strong>10.00-11.00<\/strong>\u00a0Prof. Dr. Re\u015fat \u00d6ng\u00f6ren<br \/>\n<em>S\u00fbf\u00eelerin Tevh\u00eedi: Vahdet-i V\u00fcc\u00fbd mu Vahdet-i \u015e\u00fch\u00fbd mu?<\/em><\/p>\n<p><strong>11.20-12.20<\/strong>\u00a0Prof. Dr. Gholamreza Aavani<br \/>\n<em>Mevl\u00e2n\u00e2\u2019n\u0131n Mesnev\u00ee\u2019sinde Tevhid Hakikatinin Tefekk\u00fcr\u00fc<\/em><\/p>\n<p><strong>12.40-14.10<\/strong><em>\u00a0<\/em>\u201c\u0130nsan, Tasavvuf\u00ee D\u00fc\u015f\u00fcnce ve \u015eif\u00e2\u201d Paneli<\/p>\n<p>Oturum Ba\u015fkan\u0131: \u00dc.\u00dc. Rekt\u00f6r Dan\u0131\u015fman\u0131 Cemalnur Sargut<\/p>\n<p>Prof. Dr.Carl W. Ernst<br \/>\nProf. Dr. William C. Chittick<br \/>\nProf. Dr. Sachiko Murata<br \/>\nProf. Dr. Mahmud Erol K\u0131l\u0131\u00e7<\/p>\n<\/div><\/div><\/div><\/div><\/div><style type=\"text\/css\">.fusion-body .fusion-builder-column-2{width:100% !important;margin-top : 0px;margin-bottom : 0px;}.fusion-builder-column-2 > .fusion-column-wrapper {padding-top : 0px !important;padding-right : 0px !important;margin-right : 1.92%;padding-bottom : 0px !important;padding-left : 0px !important;margin-left : 1.92%;}@media only screen and (max-width:1024px) {.fusion-body .fusion-builder-column-2{width:100% !important;}.fusion-builder-column-2 > .fusion-column-wrapper {margin-right : 1.92%;margin-left : 1.92%;}}@media only screen and (max-width:640px) {.fusion-body .fusion-builder-column-2{width:100% !important;}.fusion-builder-column-2 > .fusion-column-wrapper {margin-right : 1.92%;margin-left : 1.92%;}}<\/style><\/div><style type=\"text\/css\">.fusion-fullwidth.fusion-builder-row-3 { overflow:visible; }.fusion-body .fusion-flex-container.fusion-builder-row-3{ padding-top : 0px;margin-top : 0px;padding-right : 0px;padding-bottom : 0px;margin-bottom : 20px;padding-left : 0px;}<\/style><\/div><\/p>\n","protected":false},"excerpt":{"rendered":"","protected":false},"author":1,"featured_media":28391,"menu_order":0,"comment_status":"open","ping_status":"closed","template":"","format":"standard","meta":{"spay_email":""},"portfolio_category":[185],"portfolio_skills":[],"portfolio_tags":[],"yoast_head":"<!-- This site is optimized with the Yoast SEO plugin v18.3 - https:\/\/yoast.com\/wordpress\/plugins\/seo\/ -->\n<title>&quot;\u0130nsan, Tasavvuf\u00ee D\u00fc\u015f\u00fcnce ve \u015eif\u00e2&quot; Konferans Serisi Program\u0131 - Kerim Vakf\u0131<\/title>\n<meta name=\"robots\" content=\"index, follow, max-snippet:-1, max-image-preview:large, max-video-preview:-1\" \/>\n<link rel=\"canonical\" href=\"https:\/\/kerimvakfi.org\/en\/vakfin-calismasi\/insan-tasavvufi-dusunce-ve-sifa-konferans-serisi-programi\/\" \/>\n<meta property=\"og:locale\" content=\"en_US\" \/>\n<meta property=\"og:type\" content=\"article\" \/>\n<meta property=\"og:title\" content=\"&quot;\u0130nsan, Tasavvuf\u00ee D\u00fc\u015f\u00fcnce ve \u015eif\u00e2&quot; Konferans Serisi Program\u0131 - Kerim Vakf\u0131\" \/>\n<meta property=\"og:url\" content=\"https:\/\/kerimvakfi.org\/en\/vakfin-calismasi\/insan-tasavvufi-dusunce-ve-sifa-konferans-serisi-programi\/\" \/>\n<meta property=\"og:site_name\" content=\"Kerim Vakf\u0131\" \/>\n<meta property=\"article:publisher\" content=\"https:\/\/www.facebook.com\/kerimvakfi\" \/>\n<meta property=\"article:modified_time\" content=\"2025-01-28T10:52:49+00:00\" \/>\n<meta property=\"og:image\" content=\"https:\/\/kerimvakfi.org\/wp-content\/uploads\/2025\/01\/u\u0308ssifapanel.jpg\" \/>\n\t<meta property=\"og:image:width\" content=\"760\" \/>\n\t<meta property=\"og:image:height\" content=\"380\" \/>\n\t<meta property=\"og:image:type\" content=\"image\/jpeg\" \/>\n<meta name=\"twitter:card\" content=\"summary\" \/>\n<meta name=\"twitter:site\" content=\"@kerimvakfi\" \/>\n<meta name=\"twitter:label1\" content=\"Est. reading time\" \/>\n\t<meta name=\"twitter:data1\" content=\"5 minutes\" \/>\n<script type=\"application\/ld+json\" class=\"yoast-schema-graph\">{\"@context\":\"https:\/\/schema.org\",\"@graph\":[{\"@type\":\"WebSite\",\"@id\":\"https:\/\/kerimvakfi.org\/#website\",\"url\":\"https:\/\/kerimvakfi.org\/\",\"name\":\"Kerim Vakf\u0131\",\"description\":\"Kerim E\u011fitim K\u00fclt\u00fcr ve Sa\u011fl\u0131k Vakf\u0131\",\"potentialAction\":[{\"@type\":\"SearchAction\",\"target\":{\"@type\":\"EntryPoint\",\"urlTemplate\":\"https:\/\/kerimvakfi.org\/?s={search_term_string}\"},\"query-input\":\"required name=search_term_string\"}],\"inLanguage\":\"en-US\"},{\"@type\":\"ImageObject\",\"@id\":\"https:\/\/kerimvakfi.org\/en\/vakfin-calismasi\/insan-tasavvufi-dusunce-ve-sifa-konferans-serisi-programi\/#primaryimage\",\"inLanguage\":\"en-US\",\"url\":\"https:\/\/i0.wp.com\/kerimvakfi.org\/wp-content\/uploads\/2025\/01\/u\u0308ssifapanel.jpg?fit=760%2C380&ssl=1\",\"contentUrl\":\"https:\/\/i0.wp.com\/kerimvakfi.org\/wp-content\/uploads\/2025\/01\/u\u0308ssifapanel.jpg?fit=760%2C380&ssl=1\",\"width\":760,\"height\":380},{\"@type\":\"WebPage\",\"@id\":\"https:\/\/kerimvakfi.org\/en\/vakfin-calismasi\/insan-tasavvufi-dusunce-ve-sifa-konferans-serisi-programi\/#webpage\",\"url\":\"https:\/\/kerimvakfi.org\/en\/vakfin-calismasi\/insan-tasavvufi-dusunce-ve-sifa-konferans-serisi-programi\/\",\"name\":\"\\\"\u0130nsan, Tasavvuf\u00ee D\u00fc\u015f\u00fcnce ve \u015eif\u00e2\\\" Konferans Serisi Program\u0131 - Kerim Vakf\u0131\",\"isPartOf\":{\"@id\":\"https:\/\/kerimvakfi.org\/#website\"},\"primaryImageOfPage\":{\"@id\":\"https:\/\/kerimvakfi.org\/en\/vakfin-calismasi\/insan-tasavvufi-dusunce-ve-sifa-konferans-serisi-programi\/#primaryimage\"},\"datePublished\":\"2024-07-13T10:42:50+00:00\",\"dateModified\":\"2025-01-28T10:52:49+00:00\",\"breadcrumb\":{\"@id\":\"https:\/\/kerimvakfi.org\/en\/vakfin-calismasi\/insan-tasavvufi-dusunce-ve-sifa-konferans-serisi-programi\/#breadcrumb\"},\"inLanguage\":\"en-US\",\"potentialAction\":[{\"@type\":\"ReadAction\",\"target\":[\"https:\/\/kerimvakfi.org\/en\/vakfin-calismasi\/insan-tasavvufi-dusunce-ve-sifa-konferans-serisi-programi\/\"]}]},{\"@type\":\"BreadcrumbList\",\"@id\":\"https:\/\/kerimvakfi.org\/en\/vakfin-calismasi\/insan-tasavvufi-dusunce-ve-sifa-konferans-serisi-programi\/#breadcrumb\",\"itemListElement\":[{\"@type\":\"ListItem\",\"position\":1,\"name\":\"Ana sayfa\",\"item\":\"https:\/\/kerimvakfi.org\/en\/\"},{\"@type\":\"ListItem\",\"position\":2,\"name\":\"Portfolio\",\"item\":\"https:\/\/kerimvakfi.org\/vakfin-calismasi\/\"},{\"@type\":\"ListItem\",\"position\":3,\"name\":\"&#8220;\u0130nsan, Tasavvuf\u00ee D\u00fc\u015f\u00fcnce ve \u015eif\u00e2&#8221; Konferans Serisi Program\u0131\"}]}]}<\/script>\n<!-- \/ Yoast SEO plugin. -->","yoast_head_json":{"title":"\"\u0130nsan, Tasavvuf\u00ee D\u00fc\u015f\u00fcnce ve \u015eif\u00e2\" Konferans Serisi Program\u0131 - Kerim Vakf\u0131","robots":{"index":"index","follow":"follow","max-snippet":"max-snippet:-1","max-image-preview":"max-image-preview:large","max-video-preview":"max-video-preview:-1"},"canonical":"https:\/\/kerimvakfi.org\/en\/vakfin-calismasi\/insan-tasavvufi-dusunce-ve-sifa-konferans-serisi-programi\/","og_locale":"en_US","og_type":"article","og_title":"\"\u0130nsan, Tasavvuf\u00ee D\u00fc\u015f\u00fcnce ve \u015eif\u00e2\" Konferans Serisi Program\u0131 - Kerim Vakf\u0131","og_url":"https:\/\/kerimvakfi.org\/en\/vakfin-calismasi\/insan-tasavvufi-dusunce-ve-sifa-konferans-serisi-programi\/","og_site_name":"Kerim Vakf\u0131","article_publisher":"https:\/\/www.facebook.com\/kerimvakfi","article_modified_time":"2025-01-28T10:52:49+00:00","og_image":[{"width":760,"height":380,"url":"https:\/\/kerimvakfi.org\/wp-content\/uploads\/2025\/01\/u\u0308ssifapanel.jpg","type":"image\/jpeg"}],"twitter_card":"summary","twitter_site":"@kerimvakfi","twitter_misc":{"Est. reading time":"5 minutes"},"schema":{"@context":"https:\/\/schema.org","@graph":[{"@type":"WebSite","@id":"https:\/\/kerimvakfi.org\/#website","url":"https:\/\/kerimvakfi.org\/","name":"Kerim Vakf\u0131","description":"Kerim E\u011fitim K\u00fclt\u00fcr ve Sa\u011fl\u0131k Vakf\u0131","potentialAction":[{"@type":"SearchAction","target":{"@type":"EntryPoint","urlTemplate":"https:\/\/kerimvakfi.org\/?s={search_term_string}"},"query-input":"required name=search_term_string"}],"inLanguage":"en-US"},{"@type":"ImageObject","@id":"https:\/\/kerimvakfi.org\/en\/vakfin-calismasi\/insan-tasavvufi-dusunce-ve-sifa-konferans-serisi-programi\/#primaryimage","inLanguage":"en-US","url":"https:\/\/i0.wp.com\/kerimvakfi.org\/wp-content\/uploads\/2025\/01\/u\u0308ssifapanel.jpg?fit=760%2C380&ssl=1","contentUrl":"https:\/\/i0.wp.com\/kerimvakfi.org\/wp-content\/uploads\/2025\/01\/u\u0308ssifapanel.jpg?fit=760%2C380&ssl=1","width":760,"height":380},{"@type":"WebPage","@id":"https:\/\/kerimvakfi.org\/en\/vakfin-calismasi\/insan-tasavvufi-dusunce-ve-sifa-konferans-serisi-programi\/#webpage","url":"https:\/\/kerimvakfi.org\/en\/vakfin-calismasi\/insan-tasavvufi-dusunce-ve-sifa-konferans-serisi-programi\/","name":"\"\u0130nsan, Tasavvuf\u00ee D\u00fc\u015f\u00fcnce ve \u015eif\u00e2\" Konferans Serisi Program\u0131 - Kerim Vakf\u0131","isPartOf":{"@id":"https:\/\/kerimvakfi.org\/#website"},"primaryImageOfPage":{"@id":"https:\/\/kerimvakfi.org\/en\/vakfin-calismasi\/insan-tasavvufi-dusunce-ve-sifa-konferans-serisi-programi\/#primaryimage"},"datePublished":"2024-07-13T10:42:50+00:00","dateModified":"2025-01-28T10:52:49+00:00","breadcrumb":{"@id":"https:\/\/kerimvakfi.org\/en\/vakfin-calismasi\/insan-tasavvufi-dusunce-ve-sifa-konferans-serisi-programi\/#breadcrumb"},"inLanguage":"en-US","potentialAction":[{"@type":"ReadAction","target":["https:\/\/kerimvakfi.org\/en\/vakfin-calismasi\/insan-tasavvufi-dusunce-ve-sifa-konferans-serisi-programi\/"]}]},{"@type":"BreadcrumbList","@id":"https:\/\/kerimvakfi.org\/en\/vakfin-calismasi\/insan-tasavvufi-dusunce-ve-sifa-konferans-serisi-programi\/#breadcrumb","itemListElement":[{"@type":"ListItem","position":1,"name":"Ana sayfa","item":"https:\/\/kerimvakfi.org\/en\/"},{"@type":"ListItem","position":2,"name":"Portfolio","item":"https:\/\/kerimvakfi.org\/vakfin-calismasi\/"},{"@type":"ListItem","position":3,"name":"&#8220;\u0130nsan, Tasavvuf\u00ee D\u00fc\u015f\u00fcnce ve \u015eif\u00e2&#8221; Konferans Serisi Program\u0131"}]}]}},"_links":{"self":[{"href":"https:\/\/kerimvakfi.org\/en\/wp-json\/wp\/v2\/avada_portfolio\/28395"}],"collection":[{"href":"https:\/\/kerimvakfi.org\/en\/wp-json\/wp\/v2\/avada_portfolio"}],"about":[{"href":"https:\/\/kerimvakfi.org\/en\/wp-json\/wp\/v2\/types\/avada_portfolio"}],"author":[{"embeddable":true,"href":"https:\/\/kerimvakfi.org\/en\/wp-json\/wp\/v2\/users\/1"}],"replies":[{"embeddable":true,"href":"https:\/\/kerimvakfi.org\/en\/wp-json\/wp\/v2\/comments?post=28395"}],"version-history":[{"count":1,"href":"https:\/\/kerimvakfi.org\/en\/wp-json\/wp\/v2\/avada_portfolio\/28395\/revisions"}],"predecessor-version":[{"id":28396,"href":"https:\/\/kerimvakfi.org\/en\/wp-json\/wp\/v2\/avada_portfolio\/28395\/revisions\/28396"}],"wp:featuredmedia":[{"embeddable":true,"href":"https:\/\/kerimvakfi.org\/en\/wp-json\/wp\/v2\/media\/28391"}],"wp:attachment":[{"href":"https:\/\/kerimvakfi.org\/en\/wp-json\/wp\/v2\/media?parent=28395"}],"wp:term":[{"taxonomy":"portfolio_category","embeddable":true,"href":"https:\/\/kerimvakfi.org\/en\/wp-json\/wp\/v2\/portfolio_category?post=28395"},{"taxonomy":"portfolio_skills","embeddable":true,"href":"https:\/\/kerimvakfi.org\/en\/wp-json\/wp\/v2\/portfolio_skills?post=28395"},{"taxonomy":"portfolio_tags","embeddable":true,"href":"https:\/\/kerimvakfi.org\/en\/wp-json\/wp\/v2\/portfolio_tags?post=28395"}],"curies":[{"name":"wp","href":"https:\/\/api.w.org\/{rel}","templated":true}]}}