{"id":29114,"date":"2026-05-13T19:00:00","date_gmt":"2026-05-13T16:00:00","guid":{"rendered":"https:\/\/kerimvakfi.org\/the-conception-of-imam-ali-as-the-pir-of-the-chain-of-sainthood-in-the-khalwati-tradition\/"},"modified":"2026-06-21T18:14:27","modified_gmt":"2026-06-21T15:14:27","slug":"the-conception-of-imam-ali-as-the-pir-of-the-chain-of-sainthood-in-the-khalwati-tradition","status":"publish","type":"avada_portfolio","link":"https:\/\/kerimvakfi.org\/en\/vakfin-calismasi\/the-conception-of-imam-ali-as-the-pir-of-the-chain-of-sainthood-in-the-khalwati-tradition\/","title":{"rendered":"The Conception of Imam Ali as the P\u00eer of the Chain of Sainthood in the Khalwat\u00ee Tradition"},"content":{"rendered":"<style>.postid-29114 .fusion-page-title-bar{background-color:#065391 !important;}<\/style>\n<div class=\"fusion-fullwidth fullwidth-box fusion-builder-row-1 fusion-flex-container nonhundred-percent-fullwidth non-hundred-percent-height-scrolling\" style=\"background-color: rgba(255,255,255,0);background-position: center center;background-repeat: no-repeat;border-width: 0px 0px 0px 0px;border-color:#eae9e9;border-style:solid;\" ><div class=\"fusion-builder-row fusion-row fusion-flex-align-items-flex-start\" style=\"max-width:1248px;margin-left: calc(-4% \/ 2 );margin-right: calc(-4% \/ 2 );\"><div class=\"fusion-layout-column fusion_builder_column fusion-builder-column-0 fusion_builder_column_1_1 1_1 fusion-flex-column\"><div class=\"fusion-column-wrapper fusion-flex-justify-content-flex-start fusion-content-layout-column\" style=\"background-position:left top;background-repeat:no-repeat;-webkit-background-size:cover;-moz-background-size:cover;-o-background-size:cover;background-size:cover;padding: 0px 0px 0px 0px;\"><div class=\"fusion-text fusion-text-1\" style=\"transform:translate3d(0,0,0);\"><p>The conference titled <strong>&#8220;The Conception of Imam Ali as the P\u00eer of the Chain of Sainthood in the Khalwat\u00ee Tradition&#8221;<\/strong>, organized by the \u00dcsk\u00fcdar University Institute of Sufism Studies, was held; following the program, a concert was given with the participation of Elif \u00d6m\u00fcrl\u00fc Uyar and Prof. Dr. V. Emre \u00d6m\u00fcrl\u00fc.<\/p>\n<div style=\"background:#f6f6f6;border-left:5px solid #065391;padding:16px 22px;margin:22px 0 6px;border-radius:6px\">\n<p style=\"margin:0 0 8px;font-size:13px;letter-spacing:.5px;text-transform:uppercase;color:#065391\"><strong>Event Details<\/strong><\/p>\n<p style=\"margin:6px 0;font-size:16px;line-height:1.7\"><strong>Date:<\/strong> Wednesday, 13 May 2026<\/p>\n<p style=\"margin:6px 0;font-size:16px;line-height:1.7\"><strong>Time:<\/strong> 19.00 \u2013 21.00<\/p>\n<p style=\"margin:6px 0;font-size:16px;line-height:1.7\"><strong>Venue:<\/strong> \u00dcsk\u00fcdar University South Campus Fuat Sezgin Conference Hall, Block C-D<\/p>\n<p style=\"margin:6px 0;font-size:16px;line-height:1.7\"><strong>Speaker:<\/strong> Dr. Kerim G\u00fc\u00e7<\/p>\n<\/div>\n<p style=\"margin-top:14px\"><strong>Detailed information:<\/strong> <a href=\"https:\/\/uskudar.edu.tr\/etkinlik\/halveti-geleneginde-velayet-silsilesinin-piri-olarak-imam-ali-tasavvuru-baslikli-konferns\/8170\" target=\"_blank\" rel=\"noopener\">\u00dcsk\u00fcdar University Institute of Sufism Studies event page<\/a><\/p>\n<\/div><\/div><\/div><style type=\"text\/css\">.fusion-body .fusion-builder-column-0{width:100% !important;margin-top : 0px;margin-bottom : 20px;}.fusion-builder-column-0 > .fusion-column-wrapper {padding-top : 0px !important;padding-right : 0px !important;margin-right : 1.92%;padding-bottom : 0px !important;padding-left : 0px !important;margin-left : 1.92%;}@media only screen and (max-width:1024px) {.fusion-body .fusion-builder-column-0{width:100% !important;}.fusion-builder-column-0 > .fusion-column-wrapper {margin-right : 1.92%;margin-left : 1.92%;}}@media only screen and (max-width:640px) {.fusion-body .fusion-builder-column-0{width:100% !important;}.fusion-builder-column-0 > .fusion-column-wrapper {margin-right : 1.92%;margin-left : 1.92%;}}<\/style><\/div><style type=\"text\/css\">.fusion-body .fusion-flex-container.fusion-builder-row-1{ padding-top : 20px;margin-top : 0px;padding-right : 0px;padding-bottom : 20px;margin-bottom : 0px;padding-left : 0px;}<\/style><\/div>\n","protected":false},"excerpt":{"rendered":"","protected":false},"author":4,"featured_media":29006,"menu_order":0,"comment_status":"closed","ping_status":"closed","template":"","format":"standard","meta":{"spay_email":""},"portfolio_category":[],"portfolio_skills":[],"portfolio_tags":[],"yoast_head":"<!-- This site is optimized with the Yoast SEO plugin v18.3 - https:\/\/yoast.com\/wordpress\/plugins\/seo\/ -->\n<title>The Conception of Imam Ali as the P\u00eer of the Chain of Sainthood in the Khalwat\u00ee Tradition - Kerim Vakf\u0131<\/title>\n<meta name=\"robots\" content=\"index, follow, max-snippet:-1, max-image-preview:large, max-video-preview:-1\" \/>\n<link rel=\"canonical\" href=\"https:\/\/kerimvakfi.org\/en\/vakfin-calismasi\/the-conception-of-imam-ali-as-the-pir-of-the-chain-of-sainthood-in-the-khalwati-tradition\/\" \/>\n<meta property=\"og:locale\" content=\"en_US\" \/>\n<meta property=\"og:type\" content=\"article\" \/>\n<meta property=\"og:title\" content=\"The Conception of Imam Ali as the P\u00eer of the Chain of Sainthood in the Khalwat\u00ee Tradition - Kerim Vakf\u0131\" \/>\n<meta property=\"og:url\" content=\"https:\/\/kerimvakfi.org\/en\/vakfin-calismasi\/the-conception-of-imam-ali-as-the-pir-of-the-chain-of-sainthood-in-the-khalwati-tradition\/\" \/>\n<meta property=\"og:site_name\" content=\"Kerim Vakf\u0131\" \/>\n<meta property=\"article:publisher\" content=\"https:\/\/www.facebook.com\/kerimvakfi\" \/>\n<meta property=\"article:modified_time\" content=\"2026-06-21T15:14:27+00:00\" \/>\n<meta property=\"og:image\" content=\"https:\/\/kerimvakfi.org\/wp-content\/uploads\/2026\/06\/halvet-gelene-inde-velayet-silsilesinin-p-ri-olarak-i-mam-al-760x380-1.jpg\" \/>\n\t<meta property=\"og:image:width\" content=\"760\" \/>\n\t<meta property=\"og:image:height\" content=\"380\" \/>\n\t<meta property=\"og:image:type\" content=\"image\/jpeg\" \/>\n<meta name=\"twitter:card\" content=\"summary\" \/>\n<meta name=\"twitter:site\" content=\"@kerimvakfi\" \/>\n<meta name=\"twitter:label1\" content=\"Est. reading time\" \/>\n\t<meta name=\"twitter:data1\" content=\"1 minute\" \/>\n<script type=\"application\/ld+json\" class=\"yoast-schema-graph\">{\"@context\":\"https:\/\/schema.org\",\"@graph\":[{\"@type\":\"WebSite\",\"@id\":\"https:\/\/kerimvakfi.org\/#website\",\"url\":\"https:\/\/kerimvakfi.org\/\",\"name\":\"Kerim Vakf\u0131\",\"description\":\"Kerim E\u011fitim K\u00fclt\u00fcr ve Sa\u011fl\u0131k Vakf\u0131\",\"potentialAction\":[{\"@type\":\"SearchAction\",\"target\":{\"@type\":\"EntryPoint\",\"urlTemplate\":\"https:\/\/kerimvakfi.org\/?s={search_term_string}\"},\"query-input\":\"required name=search_term_string\"}],\"inLanguage\":\"en-US\"},{\"@type\":\"ImageObject\",\"@id\":\"https:\/\/kerimvakfi.org\/en\/vakfin-calismasi\/the-conception-of-imam-ali-as-the-pir-of-the-chain-of-sainthood-in-the-khalwati-tradition\/#primaryimage\",\"inLanguage\":\"en-US\",\"url\":\"https:\/\/kerimvakfi.org\/wp-content\/uploads\/2026\/06\/halvet-gelene-inde-velayet-silsilesinin-p-ri-olarak-i-mam-al-760x380-1.jpg\",\"contentUrl\":\"https:\/\/kerimvakfi.org\/wp-content\/uploads\/2026\/06\/halvet-gelene-inde-velayet-silsilesinin-p-ri-olarak-i-mam-al-760x380-1.jpg\",\"width\":760,\"height\":380},{\"@type\":\"WebPage\",\"@id\":\"https:\/\/kerimvakfi.org\/en\/vakfin-calismasi\/the-conception-of-imam-ali-as-the-pir-of-the-chain-of-sainthood-in-the-khalwati-tradition\/#webpage\",\"url\":\"https:\/\/kerimvakfi.org\/en\/vakfin-calismasi\/the-conception-of-imam-ali-as-the-pir-of-the-chain-of-sainthood-in-the-khalwati-tradition\/\",\"name\":\"The Conception of Imam Ali as the P\u00eer of the Chain of Sainthood in the Khalwat\u00ee Tradition - Kerim Vakf\u0131\",\"isPartOf\":{\"@id\":\"https:\/\/kerimvakfi.org\/#website\"},\"primaryImageOfPage\":{\"@id\":\"https:\/\/kerimvakfi.org\/en\/vakfin-calismasi\/the-conception-of-imam-ali-as-the-pir-of-the-chain-of-sainthood-in-the-khalwati-tradition\/#primaryimage\"},\"datePublished\":\"2026-05-13T16:00:00+00:00\",\"dateModified\":\"2026-06-21T15:14:27+00:00\",\"breadcrumb\":{\"@id\":\"https:\/\/kerimvakfi.org\/en\/vakfin-calismasi\/the-conception-of-imam-ali-as-the-pir-of-the-chain-of-sainthood-in-the-khalwati-tradition\/#breadcrumb\"},\"inLanguage\":\"en-US\",\"potentialAction\":[{\"@type\":\"ReadAction\",\"target\":[\"https:\/\/kerimvakfi.org\/en\/vakfin-calismasi\/the-conception-of-imam-ali-as-the-pir-of-the-chain-of-sainthood-in-the-khalwati-tradition\/\"]}]},{\"@type\":\"BreadcrumbList\",\"@id\":\"https:\/\/kerimvakfi.org\/en\/vakfin-calismasi\/the-conception-of-imam-ali-as-the-pir-of-the-chain-of-sainthood-in-the-khalwati-tradition\/#breadcrumb\",\"itemListElement\":[{\"@type\":\"ListItem\",\"position\":1,\"name\":\"Ana sayfa\",\"item\":\"https:\/\/kerimvakfi.org\/en\/\"},{\"@type\":\"ListItem\",\"position\":2,\"name\":\"Portfolio\",\"item\":\"https:\/\/kerimvakfi.org\/vakfin-calismasi\/\"},{\"@type\":\"ListItem\",\"position\":3,\"name\":\"The Conception of Imam Ali as the P\u00eer of the Chain of Sainthood in the Khalwat\u00ee Tradition\"}]}]}<\/script>\n<!-- \/ Yoast SEO plugin. -->","yoast_head_json":{"title":"The Conception of Imam Ali as the P\u00eer of the Chain of Sainthood in the Khalwat\u00ee Tradition - Kerim Vakf\u0131","robots":{"index":"index","follow":"follow","max-snippet":"max-snippet:-1","max-image-preview":"max-image-preview:large","max-video-preview":"max-video-preview:-1"},"canonical":"https:\/\/kerimvakfi.org\/en\/vakfin-calismasi\/the-conception-of-imam-ali-as-the-pir-of-the-chain-of-sainthood-in-the-khalwati-tradition\/","og_locale":"en_US","og_type":"article","og_title":"The Conception of Imam Ali as the P\u00eer of the Chain of Sainthood in the Khalwat\u00ee Tradition - Kerim Vakf\u0131","og_url":"https:\/\/kerimvakfi.org\/en\/vakfin-calismasi\/the-conception-of-imam-ali-as-the-pir-of-the-chain-of-sainthood-in-the-khalwati-tradition\/","og_site_name":"Kerim Vakf\u0131","article_publisher":"https:\/\/www.facebook.com\/kerimvakfi","article_modified_time":"2026-06-21T15:14:27+00:00","og_image":[{"width":760,"height":380,"url":"https:\/\/kerimvakfi.org\/wp-content\/uploads\/2026\/06\/halvet-gelene-inde-velayet-silsilesinin-p-ri-olarak-i-mam-al-760x380-1.jpg","type":"image\/jpeg"}],"twitter_card":"summary","twitter_site":"@kerimvakfi","twitter_misc":{"Est. reading time":"1 minute"},"schema":{"@context":"https:\/\/schema.org","@graph":[{"@type":"WebSite","@id":"https:\/\/kerimvakfi.org\/#website","url":"https:\/\/kerimvakfi.org\/","name":"Kerim Vakf\u0131","description":"Kerim E\u011fitim K\u00fclt\u00fcr ve Sa\u011fl\u0131k Vakf\u0131","potentialAction":[{"@type":"SearchAction","target":{"@type":"EntryPoint","urlTemplate":"https:\/\/kerimvakfi.org\/?s={search_term_string}"},"query-input":"required name=search_term_string"}],"inLanguage":"en-US"},{"@type":"ImageObject","@id":"https:\/\/kerimvakfi.org\/en\/vakfin-calismasi\/the-conception-of-imam-ali-as-the-pir-of-the-chain-of-sainthood-in-the-khalwati-tradition\/#primaryimage","inLanguage":"en-US","url":"https:\/\/kerimvakfi.org\/wp-content\/uploads\/2026\/06\/halvet-gelene-inde-velayet-silsilesinin-p-ri-olarak-i-mam-al-760x380-1.jpg","contentUrl":"https:\/\/kerimvakfi.org\/wp-content\/uploads\/2026\/06\/halvet-gelene-inde-velayet-silsilesinin-p-ri-olarak-i-mam-al-760x380-1.jpg","width":760,"height":380},{"@type":"WebPage","@id":"https:\/\/kerimvakfi.org\/en\/vakfin-calismasi\/the-conception-of-imam-ali-as-the-pir-of-the-chain-of-sainthood-in-the-khalwati-tradition\/#webpage","url":"https:\/\/kerimvakfi.org\/en\/vakfin-calismasi\/the-conception-of-imam-ali-as-the-pir-of-the-chain-of-sainthood-in-the-khalwati-tradition\/","name":"The Conception of Imam Ali as the P\u00eer of the Chain of Sainthood in the Khalwat\u00ee Tradition - Kerim Vakf\u0131","isPartOf":{"@id":"https:\/\/kerimvakfi.org\/#website"},"primaryImageOfPage":{"@id":"https:\/\/kerimvakfi.org\/en\/vakfin-calismasi\/the-conception-of-imam-ali-as-the-pir-of-the-chain-of-sainthood-in-the-khalwati-tradition\/#primaryimage"},"datePublished":"2026-05-13T16:00:00+00:00","dateModified":"2026-06-21T15:14:27+00:00","breadcrumb":{"@id":"https:\/\/kerimvakfi.org\/en\/vakfin-calismasi\/the-conception-of-imam-ali-as-the-pir-of-the-chain-of-sainthood-in-the-khalwati-tradition\/#breadcrumb"},"inLanguage":"en-US","potentialAction":[{"@type":"ReadAction","target":["https:\/\/kerimvakfi.org\/en\/vakfin-calismasi\/the-conception-of-imam-ali-as-the-pir-of-the-chain-of-sainthood-in-the-khalwati-tradition\/"]}]},{"@type":"BreadcrumbList","@id":"https:\/\/kerimvakfi.org\/en\/vakfin-calismasi\/the-conception-of-imam-ali-as-the-pir-of-the-chain-of-sainthood-in-the-khalwati-tradition\/#breadcrumb","itemListElement":[{"@type":"ListItem","position":1,"name":"Ana sayfa","item":"https:\/\/kerimvakfi.org\/en\/"},{"@type":"ListItem","position":2,"name":"Portfolio","item":"https:\/\/kerimvakfi.org\/vakfin-calismasi\/"},{"@type":"ListItem","position":3,"name":"The Conception of Imam Ali as the P\u00eer of the Chain of Sainthood in the Khalwat\u00ee Tradition"}]}]}},"_links":{"self":[{"href":"https:\/\/kerimvakfi.org\/en\/wp-json\/wp\/v2\/avada_portfolio\/29114"}],"collection":[{"href":"https:\/\/kerimvakfi.org\/en\/wp-json\/wp\/v2\/avada_portfolio"}],"about":[{"href":"https:\/\/kerimvakfi.org\/en\/wp-json\/wp\/v2\/types\/avada_portfolio"}],"author":[{"embeddable":true,"href":"https:\/\/kerimvakfi.org\/en\/wp-json\/wp\/v2\/users\/4"}],"replies":[{"embeddable":true,"href":"https:\/\/kerimvakfi.org\/en\/wp-json\/wp\/v2\/comments?post=29114"}],"version-history":[{"count":0,"href":"https:\/\/kerimvakfi.org\/en\/wp-json\/wp\/v2\/avada_portfolio\/29114\/revisions"}],"wp:featuredmedia":[{"embeddable":true,"href":"https:\/\/kerimvakfi.org\/en\/wp-json\/wp\/v2\/media\/29006"}],"wp:attachment":[{"href":"https:\/\/kerimvakfi.org\/en\/wp-json\/wp\/v2\/media?parent=29114"}],"wp:term":[{"taxonomy":"portfolio_category","embeddable":true,"href":"https:\/\/kerimvakfi.org\/en\/wp-json\/wp\/v2\/portfolio_category?post=29114"},{"taxonomy":"portfolio_skills","embeddable":true,"href":"https:\/\/kerimvakfi.org\/en\/wp-json\/wp\/v2\/portfolio_skills?post=29114"},{"taxonomy":"portfolio_tags","embeddable":true,"href":"https:\/\/kerimvakfi.org\/en\/wp-json\/wp\/v2\/portfolio_tags?post=29114"}],"curies":[{"name":"wp","href":"https:\/\/api.w.org\/{rel}","templated":true}]}}