{"id":29131,"date":"2024-12-18T14:31:01","date_gmt":"2024-12-18T11:31:01","guid":{"rendered":"https:\/\/kerimvakfi.org\/2025-seb-i-arus-night-of-union-program\/"},"modified":"2024-12-18T14:31:01","modified_gmt":"2024-12-18T11:31:01","slug":"2025-seb-i-arus-night-of-union-program","status":"publish","type":"avada_portfolio","link":"https:\/\/kerimvakfi.org\/en\/vakfin-calismasi\/2025-seb-i-arus-night-of-union-program\/","title":{"rendered":"2025 \u015eeb-i Ar\u00fbs (Night of Union) Program"},"content":{"rendered":"<p><div class=\"fusion-fullwidth fullwidth-box fusion-builder-row-1 fusion-flex-container nonhundred-percent-fullwidth non-hundred-percent-height-scrolling\" style=\"background-color: rgba(255,255,255,0);background-position: left top;background-repeat: no-repeat;border-width: 0px 0px 0px 0px;border-color:#eae9e9;border-style:solid;\" ><div class=\"fusion-builder-row fusion-row fusion-flex-align-items-flex-start\" style=\"max-width:1248px;margin-left: calc(-4% \/ 2 );margin-right: calc(-4% \/ 2 );\"><div class=\"fusion-layout-column fusion_builder_column fusion-builder-column-0 fusion_builder_column_1_1 1_1 fusion-flex-column fusion-flex-align-self-flex-start fusion-column-no-min-height\"><div class=\"fusion-column-wrapper fusion-flex-justify-content-flex-start fusion-content-layout-column\" style=\"background-position:left top;background-repeat:no-repeat;-webkit-background-size:cover;-moz-background-size:cover;-o-background-size:cover;background-size:cover;padding: 0px 0px 0px 0px;\"><div class=\"fusion-text fusion-text-1\" style=\"transform:translate3d(0,0,0);\"><p>On the occasion of the 751st Anniversary of the Union (Vuslat) of Hz. Mevl\u00e2na, as part of \u015eeb-i Ar\u00fbs Week, the talk programme titled <strong>&#8220;Tawh<\/strong><strong>id<\/strong><strong>&#8220;<\/strong> prepared in collaboration with the Institute for Sufi Studies of \u00dcsk\u00fcdar University and Kerim Foundation will be held on Wednesday, <strong>December 18, 2024<\/strong> at the <strong>\u00dcsk\u00fcdar University Nermin Tarhan Conference Hall<\/strong><strong> <\/strong>between <strong>11.00-12.30<\/strong>.<\/p>\n<p><em>The programme is open to everyone.<\/em><em> <\/em><em>It <\/em><em>will also be broadcast live on \u00dcsk\u00fcdar University TV. <\/em><\/p>\n<p>The talk programme will be held with the participation of <strong>Prof. Dr. Emine YEN\u0130TERZ\u0130<\/strong>, Deputy Director of the Institute for Sufi Studies, and <strong>Cem<\/strong><strong>\u00e2lnur SARGUT<\/strong>, Advisor to the Rector of \u00dcsk\u00fcdar University.<\/p>\n<p>Venue: \u00dcsk\u00fcdar University Nermin Tarhan Conference Hall<br \/>\nDate: Wednesday, December 18, 2024, Time: 11.00-12.30<\/p>\n<p>\u00dcsk\u00fcdar University YouTube Channel Link:<strong> <\/strong><strong><a href=\"http:\/\/youtube.com\/uskudaruniversitesi\">http:\/\/youtube.com\/uskudaruniversitesi<\/a><\/strong><strong> <\/strong><br \/>\n\u00dcsk\u00fcdar University TV: <strong><em><a href=\"https:\/\/tv.uskudar.edu.tr\/\">https:\/\/tv.uskudar.edu.tr\/<\/a><\/em><\/strong><\/p>\n<\/div><\/div><\/div><style type=\"text\/css\">.fusion-body .fusion-builder-column-0{width:100% !important;margin-top : 0px;margin-bottom : 0px;}.fusion-builder-column-0 > .fusion-column-wrapper {padding-top : 0px !important;padding-right : 0px !important;margin-right : 1.92%;padding-bottom : 0px !important;padding-left : 0px !important;margin-left : 1.92%;}@media only screen and (max-width:1024px) {.fusion-body .fusion-builder-column-0{width:100% !important;}.fusion-builder-column-0 > .fusion-column-wrapper {margin-right : 1.92%;margin-left : 1.92%;}}@media only screen and (max-width:640px) {.fusion-body .fusion-builder-column-0{width:100% !important;}.fusion-builder-column-0 > .fusion-column-wrapper {margin-right : 1.92%;margin-left : 1.92%;}}<\/style><\/div><style type=\"text\/css\">.fusion-body .fusion-flex-container.fusion-builder-row-1{ padding-top : 20px;margin-top : 0px;padding-right : 0px;padding-bottom : 20px;margin-bottom : 0px;padding-left : 0px;}<\/style><\/div><div class=\"fusion-fullwidth fullwidth-box fusion-builder-row-2 fusion-flex-container hundred-percent-fullwidth non-hundred-percent-height-scrolling\" style=\"background-color: rgba(255,255,255,0);background-position: center center;background-repeat: no-repeat;border-width: 0px 0px 0px 0px;border-color:#eae9e9;border-style:solid;\" ><div class=\"fusion-builder-row fusion-row fusion-flex-align-items-flex-start\" style=\"width:104% !important;max-width:104% !important;margin-left: calc(-4% \/ 2 );margin-right: calc(-4% \/ 2 );\"><div class=\"fusion-layout-column fusion_builder_column fusion-builder-column-1 fusion_builder_column_1_1 1_1 fusion-flex-column\"><div class=\"fusion-column-wrapper fusion-flex-justify-content-flex-start fusion-content-layout-column\" style=\"background-position:left top;background-repeat:no-repeat;-webkit-background-size:cover;-moz-background-size:cover;-o-background-size:cover;background-size:cover;padding: 0px 0px 0px 0px;\"><style type=\"text\/css\">@media only screen and (max-width:1024px) {.fusion-title.fusion-title-1{margin-top:0px!important;margin-bottom:31px!important;}}@media only screen and (max-width:640px) {.fusion-title.fusion-title-1{margin-top:10px!important;margin-bottom:10px!important;}}<\/style><div class=\"fusion-title title fusion-title-1 fusion-title-center fusion-title-text fusion-title-size-four galeri_title\" style=\"margin-top:0px;margin-bottom:31px;\"><div class=\"title-sep-container title-sep-container-left\"><div class=\"title-sep sep-\" style=\"border-color:#e0dede;\"><\/div><\/div><h4 class=\"title-heading-center\" style=\"margin:0;\"><h3>2025 \u015eeb-i Ar\u00fbs (Night of Union) Program<\/h3><\/h4><div class=\"title-sep-container title-sep-container-right\"><div class=\"title-sep sep-\" style=\"border-color:#e0dede;\"><\/div><\/div><\/div><div class=\"fusion-separator fusion-full-width-sep\" style=\"align-self: center;margin-left: auto;margin-right: auto;margin-bottom:10px;width:100%;\"><div class=\"fusion-separator-border sep-shadow\" style=\"background:radial-gradient(ellipse at 50% -50% , #e0dede 0px, rgba(255, 255, 255, 0) 80%) repeat scroll 0 0 rgba(0, 0, 0, 0);background:-webkit-radial-gradient(ellipse at 50% -50% , #e0dede 0px, rgba(255, 255, 255, 0) 80%) repeat scroll 0 0 rgba(0, 0, 0, 0);background:-moz-radial-gradient(ellipse at 50% -50% , #e0dede 0px, rgba(255, 255, 255, 0) 80%) repeat scroll 0 0 rgba(0, 0, 0, 0);background:-o-radial-gradient(ellipse at 50% -50% , #e0dede 0px, rgba(255, 255, 255, 0) 80%) repeat scroll 0 0 rgba(0, 0, 0, 0);\"><\/div><\/div><div class=\"fusion-video fusion-youtube\" style=\"max-width:px;max-height:px;\"><div class=\"video-shortcode\"><iframe title=\"YouTube video player\" src=\"https:\/\/www.youtube.com\/embed\/0ibumQGnbXg?wmode=transparent&autoplay=0\" width=\"\" height=\"\" allowfullscreen allow=\"autoplay; fullscreen\"><\/iframe><\/div><\/div><div class=\"fusion-separator fusion-full-width-sep\" style=\"align-self: center;margin-left: auto;margin-right: auto;margin-bottom:20px;width:100%;\"><\/div><\/div><\/div><style type=\"text\/css\">.fusion-body .fusion-builder-column-1{width:100% !important;margin-top : 0px;margin-bottom : 20px;}.fusion-builder-column-1 > .fusion-column-wrapper {padding-top : 0px !important;padding-right : 0px !important;margin-right : 1.92%;padding-bottom : 0px !important;padding-left : 0px !important;margin-left : 1.92%;}@media only screen and (max-width:1024px) {.fusion-body .fusion-builder-column-1{width:100% !important;}.fusion-builder-column-1 > .fusion-column-wrapper {margin-right : 1.92%;margin-left : 1.92%;}}@media only screen and (max-width:640px) {.fusion-body .fusion-builder-column-1{width:100% !important;}.fusion-builder-column-1 > .fusion-column-wrapper {margin-right : 1.92%;margin-left : 1.92%;}}<\/style><\/div><style type=\"text\/css\">.fusion-fullwidth.fusion-builder-row-2 { overflow:visible; }.fusion-body .fusion-flex-container.fusion-builder-row-2{ padding-top : 0px;margin-top : 0px;padding-right : 0px;padding-bottom : 0px;margin-bottom : 0px;padding-left : 0px;}<\/style><\/div><\/p>\n","protected":false},"excerpt":{"rendered":"","protected":false},"author":1,"featured_media":28418,"menu_order":0,"comment_status":"closed","ping_status":"closed","template":"","format":"standard","meta":{"spay_email":""},"portfolio_category":[],"portfolio_skills":[],"portfolio_tags":[],"yoast_head":"<!-- This site is optimized with the Yoast SEO plugin v18.3 - https:\/\/yoast.com\/wordpress\/plugins\/seo\/ -->\n<title>2025 \u015eeb-i Ar\u00fbs (Night of Union) Program - Kerim Vakf\u0131<\/title>\n<meta name=\"robots\" content=\"index, follow, max-snippet:-1, max-image-preview:large, max-video-preview:-1\" \/>\n<link rel=\"canonical\" href=\"https:\/\/kerimvakfi.org\/en\/vakfin-calismasi\/2025-seb-i-arus-night-of-union-program\/\" \/>\n<meta property=\"og:locale\" content=\"en_US\" \/>\n<meta property=\"og:type\" content=\"article\" \/>\n<meta property=\"og:title\" content=\"2025 \u015eeb-i Ar\u00fbs (Night of Union) Program - Kerim Vakf\u0131\" \/>\n<meta property=\"og:url\" content=\"https:\/\/kerimvakfi.org\/en\/vakfin-calismasi\/2025-seb-i-arus-night-of-union-program\/\" \/>\n<meta property=\"og:site_name\" content=\"Kerim Vakf\u0131\" \/>\n<meta property=\"article:publisher\" content=\"https:\/\/www.facebook.com\/kerimvakfi\" \/>\n<meta property=\"og:image\" content=\"https:\/\/kerimvakfi.org\/wp-content\/uploads\/2025\/01\/tevhidens.jpg\" \/>\n\t<meta property=\"og:image:width\" content=\"760\" \/>\n\t<meta property=\"og:image:height\" content=\"380\" \/>\n\t<meta property=\"og:image:type\" content=\"image\/jpeg\" \/>\n<meta name=\"twitter:card\" content=\"summary\" \/>\n<meta name=\"twitter:site\" content=\"@kerimvakfi\" \/>\n<meta name=\"twitter:label1\" content=\"Est. reading time\" \/>\n\t<meta name=\"twitter:data1\" content=\"4 minutes\" \/>\n<script type=\"application\/ld+json\" class=\"yoast-schema-graph\">{\"@context\":\"https:\/\/schema.org\",\"@graph\":[{\"@type\":\"WebSite\",\"@id\":\"https:\/\/kerimvakfi.org\/#website\",\"url\":\"https:\/\/kerimvakfi.org\/\",\"name\":\"Kerim Vakf\u0131\",\"description\":\"Kerim E\u011fitim K\u00fclt\u00fcr ve Sa\u011fl\u0131k Vakf\u0131\",\"potentialAction\":[{\"@type\":\"SearchAction\",\"target\":{\"@type\":\"EntryPoint\",\"urlTemplate\":\"https:\/\/kerimvakfi.org\/?s={search_term_string}\"},\"query-input\":\"required name=search_term_string\"}],\"inLanguage\":\"en-US\"},{\"@type\":\"ImageObject\",\"@id\":\"https:\/\/kerimvakfi.org\/en\/vakfin-calismasi\/2025-seb-i-arus-night-of-union-program\/#primaryimage\",\"inLanguage\":\"en-US\",\"url\":\"https:\/\/kerimvakfi.org\/wp-content\/uploads\/2025\/01\/tevhidens.jpg\",\"contentUrl\":\"https:\/\/kerimvakfi.org\/wp-content\/uploads\/2025\/01\/tevhidens.jpg\",\"width\":760,\"height\":380},{\"@type\":\"WebPage\",\"@id\":\"https:\/\/kerimvakfi.org\/en\/vakfin-calismasi\/2025-seb-i-arus-night-of-union-program\/#webpage\",\"url\":\"https:\/\/kerimvakfi.org\/en\/vakfin-calismasi\/2025-seb-i-arus-night-of-union-program\/\",\"name\":\"2025 \u015eeb-i Ar\u00fbs (Night of Union) Program - Kerim Vakf\u0131\",\"isPartOf\":{\"@id\":\"https:\/\/kerimvakfi.org\/#website\"},\"primaryImageOfPage\":{\"@id\":\"https:\/\/kerimvakfi.org\/en\/vakfin-calismasi\/2025-seb-i-arus-night-of-union-program\/#primaryimage\"},\"datePublished\":\"2024-12-18T11:31:01+00:00\",\"dateModified\":\"2024-12-18T11:31:01+00:00\",\"breadcrumb\":{\"@id\":\"https:\/\/kerimvakfi.org\/en\/vakfin-calismasi\/2025-seb-i-arus-night-of-union-program\/#breadcrumb\"},\"inLanguage\":\"en-US\",\"potentialAction\":[{\"@type\":\"ReadAction\",\"target\":[\"https:\/\/kerimvakfi.org\/en\/vakfin-calismasi\/2025-seb-i-arus-night-of-union-program\/\"]}]},{\"@type\":\"BreadcrumbList\",\"@id\":\"https:\/\/kerimvakfi.org\/en\/vakfin-calismasi\/2025-seb-i-arus-night-of-union-program\/#breadcrumb\",\"itemListElement\":[{\"@type\":\"ListItem\",\"position\":1,\"name\":\"Ana sayfa\",\"item\":\"https:\/\/kerimvakfi.org\/en\/\"},{\"@type\":\"ListItem\",\"position\":2,\"name\":\"Portfolio\",\"item\":\"https:\/\/kerimvakfi.org\/vakfin-calismasi\/\"},{\"@type\":\"ListItem\",\"position\":3,\"name\":\"2025 \u015eeb-i Ar\u00fbs (Night of Union) Program\"}]}]}<\/script>\n<!-- \/ Yoast SEO plugin. -->","yoast_head_json":{"title":"2025 \u015eeb-i Ar\u00fbs (Night of Union) Program - Kerim Vakf\u0131","robots":{"index":"index","follow":"follow","max-snippet":"max-snippet:-1","max-image-preview":"max-image-preview:large","max-video-preview":"max-video-preview:-1"},"canonical":"https:\/\/kerimvakfi.org\/en\/vakfin-calismasi\/2025-seb-i-arus-night-of-union-program\/","og_locale":"en_US","og_type":"article","og_title":"2025 \u015eeb-i Ar\u00fbs (Night of Union) Program - Kerim Vakf\u0131","og_url":"https:\/\/kerimvakfi.org\/en\/vakfin-calismasi\/2025-seb-i-arus-night-of-union-program\/","og_site_name":"Kerim Vakf\u0131","article_publisher":"https:\/\/www.facebook.com\/kerimvakfi","og_image":[{"width":760,"height":380,"url":"https:\/\/kerimvakfi.org\/wp-content\/uploads\/2025\/01\/tevhidens.jpg","type":"image\/jpeg"}],"twitter_card":"summary","twitter_site":"@kerimvakfi","twitter_misc":{"Est. reading time":"4 minutes"},"schema":{"@context":"https:\/\/schema.org","@graph":[{"@type":"WebSite","@id":"https:\/\/kerimvakfi.org\/#website","url":"https:\/\/kerimvakfi.org\/","name":"Kerim Vakf\u0131","description":"Kerim E\u011fitim K\u00fclt\u00fcr ve Sa\u011fl\u0131k Vakf\u0131","potentialAction":[{"@type":"SearchAction","target":{"@type":"EntryPoint","urlTemplate":"https:\/\/kerimvakfi.org\/?s={search_term_string}"},"query-input":"required name=search_term_string"}],"inLanguage":"en-US"},{"@type":"ImageObject","@id":"https:\/\/kerimvakfi.org\/en\/vakfin-calismasi\/2025-seb-i-arus-night-of-union-program\/#primaryimage","inLanguage":"en-US","url":"https:\/\/kerimvakfi.org\/wp-content\/uploads\/2025\/01\/tevhidens.jpg","contentUrl":"https:\/\/kerimvakfi.org\/wp-content\/uploads\/2025\/01\/tevhidens.jpg","width":760,"height":380},{"@type":"WebPage","@id":"https:\/\/kerimvakfi.org\/en\/vakfin-calismasi\/2025-seb-i-arus-night-of-union-program\/#webpage","url":"https:\/\/kerimvakfi.org\/en\/vakfin-calismasi\/2025-seb-i-arus-night-of-union-program\/","name":"2025 \u015eeb-i Ar\u00fbs (Night of Union) Program - Kerim Vakf\u0131","isPartOf":{"@id":"https:\/\/kerimvakfi.org\/#website"},"primaryImageOfPage":{"@id":"https:\/\/kerimvakfi.org\/en\/vakfin-calismasi\/2025-seb-i-arus-night-of-union-program\/#primaryimage"},"datePublished":"2024-12-18T11:31:01+00:00","dateModified":"2024-12-18T11:31:01+00:00","breadcrumb":{"@id":"https:\/\/kerimvakfi.org\/en\/vakfin-calismasi\/2025-seb-i-arus-night-of-union-program\/#breadcrumb"},"inLanguage":"en-US","potentialAction":[{"@type":"ReadAction","target":["https:\/\/kerimvakfi.org\/en\/vakfin-calismasi\/2025-seb-i-arus-night-of-union-program\/"]}]},{"@type":"BreadcrumbList","@id":"https:\/\/kerimvakfi.org\/en\/vakfin-calismasi\/2025-seb-i-arus-night-of-union-program\/#breadcrumb","itemListElement":[{"@type":"ListItem","position":1,"name":"Ana sayfa","item":"https:\/\/kerimvakfi.org\/en\/"},{"@type":"ListItem","position":2,"name":"Portfolio","item":"https:\/\/kerimvakfi.org\/vakfin-calismasi\/"},{"@type":"ListItem","position":3,"name":"2025 \u015eeb-i Ar\u00fbs (Night of Union) Program"}]}]}},"_links":{"self":[{"href":"https:\/\/kerimvakfi.org\/en\/wp-json\/wp\/v2\/avada_portfolio\/29131"}],"collection":[{"href":"https:\/\/kerimvakfi.org\/en\/wp-json\/wp\/v2\/avada_portfolio"}],"about":[{"href":"https:\/\/kerimvakfi.org\/en\/wp-json\/wp\/v2\/types\/avada_portfolio"}],"author":[{"embeddable":true,"href":"https:\/\/kerimvakfi.org\/en\/wp-json\/wp\/v2\/users\/1"}],"replies":[{"embeddable":true,"href":"https:\/\/kerimvakfi.org\/en\/wp-json\/wp\/v2\/comments?post=29131"}],"version-history":[{"count":0,"href":"https:\/\/kerimvakfi.org\/en\/wp-json\/wp\/v2\/avada_portfolio\/29131\/revisions"}],"wp:featuredmedia":[{"embeddable":true,"href":"https:\/\/kerimvakfi.org\/en\/wp-json\/wp\/v2\/media\/28418"}],"wp:attachment":[{"href":"https:\/\/kerimvakfi.org\/en\/wp-json\/wp\/v2\/media?parent=29131"}],"wp:term":[{"taxonomy":"portfolio_category","embeddable":true,"href":"https:\/\/kerimvakfi.org\/en\/wp-json\/wp\/v2\/portfolio_category?post=29131"},{"taxonomy":"portfolio_skills","embeddable":true,"href":"https:\/\/kerimvakfi.org\/en\/wp-json\/wp\/v2\/portfolio_skills?post=29131"},{"taxonomy":"portfolio_tags","embeddable":true,"href":"https:\/\/kerimvakfi.org\/en\/wp-json\/wp\/v2\/portfolio_tags?post=29131"}],"curies":[{"name":"wp","href":"https:\/\/api.w.org\/{rel}","templated":true}]}}